{"id":11147,"date":"2014-10-28T06:38:29","date_gmt":"2014-10-28T05:38:29","guid":{"rendered":"https:\/\/arnaud-rodriguez.net\/photo\/?page_id=11147"},"modified":"2025-02-01T19:16:27","modified_gmt":"2025-02-01T18:16:27","slug":"exhibitions","status":"publish","type":"page","link":"https:\/\/arnaud-rodriguez.net\/photo\/en\/exhibitions\/","title":{"rendered":"Exhibitions"},"content":{"rendered":"\n<p><em>Translation in progress<\/em><\/p>\n\n\n\n<p><a href=\"http:\/\/arnaud-rodriguez.net\/photo\/wp-content\/uploads\/2025\/01\/arnaud-rodriguez-portfolio-english-2025.pdf\" target=\"_blank\" rel=\"noopener\" title=\"\">Download my portfolio (pdf)<\/a><\/p>\n\n\n\n<hr class=\"wp-block-separator has-alpha-channel-opacity is-style-dots\"\/>\n\n\n\n<p class=\"has-medium-font-size\"><strong>Rose is&#8230;<\/strong><\/p>\n\n\n\n<p class=\"has-small-font-size\"><strong>February 2024 <\/strong>\/\/ Campus Condorcet, Paris &#8211; Aubervilliers<br>&gt; Group show curated by K\u00e9vin Bideaux. I was showing 3 photographies.<br><a href=\"http:\/\/arnaud-rodriguez.net\/photo\/wp-content\/uploads\/2024\/02\/Rose-is...-catalogue-dexposition-2024.pdf\">See the catalog of the exhibition (pdf)<\/a><\/p>\n\n\n\n<hr class=\"wp-block-separator has-alpha-channel-opacity is-style-dots\"\/>\n\n\n\n<p><strong>une 5xposition <\/strong><\/p>\n\n\n\n<p class=\"has-small-font-size\"><strong>November 2023 <\/strong>\/\/ On the web site of Public averti<br>&gt; Invitation, par le collectif public averti, \u00e0 faire un \u00e9tat des lieux de mon travail<em>&nbsp;<\/em>\u00e0 travers un clich\u00e9 unique.<br><a href=\"https:\/\/www.collectifpublicaverti.fr\/une-5xposition-arnaud-rodriguez\/\">Go to the webpage<\/a> <\/p>\n\n\n\n<hr class=\"wp-block-separator has-alpha-channel-opacity is-style-dots\"\/>\n\n\n\n<h3 class=\"has-medium-font-size wp-block-heading\"><strong>Mercredi photographique<\/strong><\/h3>\n\n\n\n<p class=\"has-small-font-size\"><strong>Ao\u00fbt 2023 <\/strong>\/\/ Maison Bourbon, Bordeaux<br>&gt; Exposition de douze photographies de la s\u00e9rie &#8220;<a href=\"http:\/\/arnaud-rodriguez.net\/photo\/fr\/works\/arica\/\" data-type=\"page\" data-id=\"4979\">Ce lieu de l&#8217;absence de nous<\/a>&#8220;.<\/p>\n\n\n\n<hr class=\"wp-block-separator has-alpha-channel-opacity is-style-dots\"\/>\n\n\n\n<h3 class=\"has-medium-font-size wp-block-heading\"><strong>Le Temps d&#8217;un souffle<\/strong><\/h3>\n\n\n\n<p class=\"has-small-font-size\"><strong>Mars 2022<\/strong> \/\/ La Machine \u00e0 Lire, La Machine \u00e0 Musique, Un air de th\u00e9, Bordeaux.<br>&gt; Exposition en plusieurs lieux et plusieurs propositions, faisant dialoguer des photographies du Japon et des ha\u00efkus. <\/p>\n\n\n\n<hr class=\"wp-block-separator has-alpha-channel-opacity is-style-dots\"\/>\n\n\n\n<h3 class=\"has-medium-font-size wp-block-heading\"><strong>Exc\u00e8s<\/strong><\/h3>\n\n\n\n<p class=\"has-small-font-size\"><strong>Ao\u00fbt 2020<\/strong> \/\/ Maison Bourbon, Bordeaux<br>&gt; Exposition collective, dans le cadre des mercredis photographiques.<br>+ <a href=\"http:\/\/cdanslaboite.com\/2020\/08\/les-mercredis-photographiques-46-26-septembre-2020\/\">http:\/\/cdanslaboite.com\/2020\/08\/les-mercredis-photographiques-46-26-septembre-2020\/<\/a><\/p>\n\n\n\n<hr class=\"wp-block-separator has-alpha-channel-opacity is-style-dots\"\/>\n\n\n\n<figure class=\"wp-block-image alignright size-large is-resized\"><img loading=\"lazy\" decoding=\"async\" src=\"http:\/\/arnaud-rodriguez.net\/photo\/wp-content\/uploads\/2014\/10\/expo-DSC_1970-1024x683.jpg\" alt=\"\" class=\"wp-image-5991\" width=\"196\" height=\"130\" srcset=\"https:\/\/arnaud-rodriguez.net\/photo\/wp-content\/uploads\/2014\/10\/expo-DSC_1970-1024x683.jpg 1024w, https:\/\/arnaud-rodriguez.net\/photo\/wp-content\/uploads\/2014\/10\/expo-DSC_1970-300x200.jpg 300w, https:\/\/arnaud-rodriguez.net\/photo\/wp-content\/uploads\/2014\/10\/expo-DSC_1970-768x512.jpg 768w, https:\/\/arnaud-rodriguez.net\/photo\/wp-content\/uploads\/2014\/10\/expo-DSC_1970-624x416.jpg 624w\" sizes=\"auto, (max-width: 196px) 100vw, 196px\" \/><\/figure>\n\n\n\n<h3 class=\"has-medium-font-size wp-block-heading\"><strong>Japan in architecture<\/strong><\/h3>\n\n\n\n<p class=\"has-small-font-size\"><strong>Avril &#8211; septembre 2018<\/strong> \/\/ Mori Art Museum, Tokyo, Japon<br>&gt; &#8220;Japan in Architecture&#8221; \u00e9tait l&#8217;exposition comm\u00e9morative des 15 ans du Mori Art Museum, plus grand mus\u00e9e priv\u00e9 du Japon. J&#8217;y pr\u00e9sentais 15 photographies de la Nishinoyama House, extraites de la s\u00e9rie #home. Ces images \u00e9taient montr\u00e9es conjointement avec 4 vid\u00e9os de Christian Merlhiot. <br>+ <a href=\"https:\/\/www.mori.art.museum\/en\/exhibitions\/japaninarchitecture\/index.html\" target=\"_blank\" rel=\"noreferrer noopener\">https:\/\/www.mori.art.museum\/en\/exhibitions\/japaninarchitecture\/index.html<\/a><\/p>\n\n\n\n<hr class=\"wp-block-separator has-alpha-channel-opacity is-style-dots\"\/>\n\n\n\n<h3 class=\"has-medium-font-size wp-block-heading\"><strong>#home<\/strong><\/h3>\n\n\n\n<p class=\"has-small-font-size\"><strong>Avril 2017 <\/strong>\/\/ Nishinoyama house, Kyoto, Japon<br>&gt; Cette exposition <em>in situ<\/em> reprenait une s\u00e9lection de 300 photographies de la Nishinoyama House, \u00e0 Kyoto, o\u00f9 j&#8217;ai v\u00e9cu de 2014 \u00e0 2017.<br>A l&#8217;origine de ce travail, un compte Instagram, @nishinoyamahouse (disparu depuis, sans explication), sur lequel, les 6 derniers mois de ma r\u00e9sidence au Japon, j&#8217;ai diffus\u00e9 des photos prises au jour le jour.<\/p>\n\n\n\n<hr class=\"wp-block-separator has-alpha-channel-opacity is-style-dots\"\/>\n\n\n\n<h3 class=\"has-medium-font-size wp-block-heading\"><strong>Every Day<\/strong><\/h3>\n\n\n\n<p class=\"has-small-font-size\"><strong>Avril &#8211; mai 2016<\/strong> \/\/ Totousha, Kyoto, Japon<br><em>&gt; Dans le cadre de KG+, festival satellite de Kyotographie<\/em><br>+ <a rel=\"noreferrer noopener\" href=\"http:\/\/www.arnaud-rodriguez.net\/photo\/expositions\/every-day\/\" target=\"_blank\">http:\/\/www.arnaud-rodriguez.net\/photo\/expositions\/every-day\/ <\/a> <\/p>\n\n\n\n<hr class=\"wp-block-separator has-alpha-channel-opacity is-style-dots\"\/>\n\n\n\n<h3 class=\"has-medium-font-size wp-block-heading\"><a title=\"Hikari\" href=\"http:\/\/www.arnaud-rodriguez.net\/photo\/fr\/expositions\/hikari\/\"><strong>Hikari, regards crois\u00e9s sur le Japon<\/strong><\/a><\/h3>\n\n\n\n<p class=\"has-small-font-size\"><strong>Novembre 2015 &#8211; janvier 2016<\/strong> \/\/ Mus\u00e9e d&#8217;Aquitaine, Bordeaux<br>&gt; Exposition en duo avec Ferrante Ferranti<em>. <\/em>Dans le cadre du festival <a rel=\"noopener noreferrer\" href=\"http:\/\/www.facts-bordeaux.fr\/\" target=\"_blank\">FACTS<\/a><\/p>\n\n\n\n<hr class=\"wp-block-separator has-alpha-channel-opacity is-style-dots\"\/>\n\n\n\n<h3 class=\"has-medium-font-size wp-block-heading\"><a title=\"Contrepoints japonais\" href=\"http:\/\/www.arnaud-rodriguez.net\/photo\/expositions\/contrepoints-japonais\/\"><strong>Contrepoints japonais<\/strong><\/a><\/h3>\n\n\n\n<p class=\"has-small-font-size\"><strong>F\u00e9vrier 2014<\/strong> \/\/ Maison nationale des artistes, Nogent-sur-Marne<br><em>R\u00e9alis\u00e9e avec le soutien de la Fondation nationale des arts graphiques et plastiques<\/em><\/p>\n\n\n\n<hr class=\"wp-block-separator has-alpha-channel-opacity is-style-dots\"\/>\n\n\n\n<h3 class=\"has-medium-font-size wp-block-heading\"><a title=\"Les heures latentes\" href=\"http:\/\/www.arnaud-rodriguez.net\/photo\/expositions\/les-heures-latentes\/\"><strong>Les Heures latentes<\/strong><\/a><\/h3>\n\n\n\n<p class=\"has-small-font-size\"><strong><strong>Juillet-ao\u00fbt 2013<\/strong><\/strong> \/\/ Galerie Vivoequidem, Paris<br>Exposition collective.<br>Curateur : Fabien Danesi.<\/p>\n\n\n\n<hr class=\"wp-block-separator has-alpha-channel-opacity is-style-dots\"\/>\n\n\n\n<h3 class=\"has-medium-font-size wp-block-heading\"><a title=\"Vous suivre, Blois\" href=\"http:\/\/www.arnaud-rodriguez.net\/photo\/fr\/expositions\/vous-suivre-images-du-japon\/\"><strong>Vous suivre<\/strong><\/a><\/h3>\n\n\n\n<p class=\"has-small-font-size\"><strong>F\u00e9vrier 2012<\/strong> \/\/ H\u00f4tel de Ville \u2013 Blois<em><br>R\u00e9alis\u00e9e avec le soutien de la ville de Blois<\/em><\/p>\n\n\n\n<hr class=\"wp-block-separator has-alpha-channel-opacity is-style-dots\"\/>\n\n\n\n<h3 class=\"has-medium-font-size wp-block-heading\"><a title=\"Et si demain\" href=\"http:\/\/arnaud-rodriguez.net\/photo\/fr\/et-si-demain\/\"><strong>Et si demain<\/strong><\/a><\/h3>\n\n\n\n<p class=\"has-small-font-size\"><strong>D\u00e9cembre 2011<\/strong> \/\/ Galerie Jeune Cr\u00e9ation, Paris<em><br>Exposition collective, organis\u00e9e par la Galerie Miniature<\/em><\/p>\n\n\n\n<hr class=\"wp-block-separator has-alpha-channel-opacity is-style-dots\"\/>\n\n\n\n<h3 class=\"has-medium-font-size wp-block-heading\"><a title=\"Nederlux\" href=\"http:\/\/www.arnaud-rodriguez.net\/photo\/fr\/travaux\/nederlux\/\"><strong>Nederlux<\/strong><\/a><\/h3>\n\n\n\n<p class=\"has-small-font-size\"><strong>Mars 2011 <\/strong>\/\/ Le Cajou, Amiens<\/p>\n\n\n\n<hr class=\"wp-block-separator has-alpha-channel-opacity is-style-dots\"\/>\n\n\n\n<h3 class=\"has-medium-font-size wp-block-heading\"><a title=\"Un oeil dans le talon\" rel=\"noopener noreferrer\" href=\"http:\/\/www.arnaud-rodriguez.net\/photo\/fr\/expositions\/un-oeil-dans-le-talon\/\" target=\"_blank\"><strong>Un oeil dans le talon<\/strong><\/a><\/h3>\n\n\n\n<p class=\"has-small-font-size\">Juin 2008 \/\/ Paris <br>Octobre 2008 \/\/ Dijon<\/p>\n","protected":false},"excerpt":{"rendered":"<p>Translation in progress Download my portfolio (pdf) Rose is&#8230; February 2024 \/\/ Campus Condorcet, Paris &#8211; Aubervilliers&gt; Group show curated by K\u00e9vin Bideaux. I was showing 3 photographies.See the catalog of the exhibition (pdf) une 5xposition November 2023 \/\/ On the web site of Public averti&gt; Invitation, par le collectif public averti, \u00e0 faire un [&hellip;]<\/p>\n","protected":false},"author":2,"featured_media":0,"parent":0,"menu_order":1,"comment_status":"closed","ping_status":"closed","template":"","meta":{"_monsterinsights_skip_tracking":false,"_monsterinsights_sitenote_active":false,"_monsterinsights_sitenote_note":"","_monsterinsights_sitenote_category":0,"footnotes":""},"class_list":["post-11147","page","type-page","status-publish","hentry"],"aioseo_notices":[],"_links":{"self":[{"href":"https:\/\/arnaud-rodriguez.net\/photo\/en\/wp-json\/wp\/v2\/pages\/11147","targetHints":{"allow":["GET"]}}],"collection":[{"href":"https:\/\/arnaud-rodriguez.net\/photo\/en\/wp-json\/wp\/v2\/pages"}],"about":[{"href":"https:\/\/arnaud-rodriguez.net\/photo\/en\/wp-json\/wp\/v2\/types\/page"}],"author":[{"embeddable":true,"href":"https:\/\/arnaud-rodriguez.net\/photo\/en\/wp-json\/wp\/v2\/users\/2"}],"replies":[{"embeddable":true,"href":"https:\/\/arnaud-rodriguez.net\/photo\/en\/wp-json\/wp\/v2\/comments?post=11147"}],"version-history":[{"count":3,"href":"https:\/\/arnaud-rodriguez.net\/photo\/en\/wp-json\/wp\/v2\/pages\/11147\/revisions"}],"predecessor-version":[{"id":13854,"href":"https:\/\/arnaud-rodriguez.net\/photo\/en\/wp-json\/wp\/v2\/pages\/11147\/revisions\/13854"}],"wp:attachment":[{"href":"https:\/\/arnaud-rodriguez.net\/photo\/en\/wp-json\/wp\/v2\/media?parent=11147"}],"curies":[{"name":"wp","href":"https:\/\/api.w.org\/{rel}","templated":true}]}}