{"id":13866,"date":"2014-08-09T09:53:02","date_gmt":"2014-08-09T07:53:02","guid":{"rendered":"https:\/\/arnaud-rodriguez.net\/photo\/?page_id=13866"},"modified":"2025-08-04T13:32:10","modified_gmt":"2025-08-04T11:32:10","slug":"texts-in-french","status":"publish","type":"page","link":"https:\/\/arnaud-rodriguez.net\/photo\/en\/texts-in-french\/","title":{"rendered":"Texts"},"content":{"rendered":"\n<div class=\"wp-block-media-text alignwide is-stacked-on-mobile\" style=\"grid-template-columns:30% auto\"><figure class=\"wp-block-media-text__media\"><img loading=\"lazy\" decoding=\"async\" width=\"648\" height=\"1024\" src=\"http:\/\/arnaud-rodriguez.net\/photo\/wp-content\/uploads\/2024\/04\/PHOTO-2024-04-29-20-10-00-edited-648x1024.jpg\" alt=\"\" class=\"wp-image-7304 size-full\" srcset=\"https:\/\/arnaud-rodriguez.net\/photo\/wp-content\/uploads\/2024\/04\/PHOTO-2024-04-29-20-10-00-edited-648x1024.jpg 648w, https:\/\/arnaud-rodriguez.net\/photo\/wp-content\/uploads\/2024\/04\/PHOTO-2024-04-29-20-10-00-edited-190x300.jpg 190w, https:\/\/arnaud-rodriguez.net\/photo\/wp-content\/uploads\/2024\/04\/PHOTO-2024-04-29-20-10-00-edited-768x1213.jpg 768w, https:\/\/arnaud-rodriguez.net\/photo\/wp-content\/uploads\/2024\/04\/PHOTO-2024-04-29-20-10-00-edited-973x1536.jpg 973w, https:\/\/arnaud-rodriguez.net\/photo\/wp-content\/uploads\/2024\/04\/PHOTO-2024-04-29-20-10-00-edited.jpg 1003w\" sizes=\"auto, (max-width: 648px) 100vw, 648px\" \/><\/figure><div class=\"wp-block-media-text__content\">\n<h2 class=\"wp-block-heading\">Pr\u00e9sence<\/h2>\n\n\n\n<p><strong>Published by <a href=\"https:\/\/labyrinthes.net\" target=\"_blank\" rel=\"noopener\" title=\"\">\u00e9ditions Labyrinthe[s<\/a> in May 2024<\/strong><\/p>\n\n\n\n<p>Editor&#8217;s webpage :<br><a href=\"https:\/\/labyrinthes.net\/ouvrage\/presence\/\">https:\/\/labyrinthes.net\/ouvrage\/presence\/<\/a> <\/p>\n\n\n\n<p>For any orders:<br><a href=\"https:\/\/labyrinthes.sumupstore.com\/article\/arnaud-rodriguez-presence\" target=\"_blank\" rel=\"noreferrer noopener\">https:\/\/labyrinthes.sumupstore.com\/article\/arnaud-rodriguez-presence<\/a><\/p>\n\n\n\n<p><strong>ISBN : <\/strong>978-2-492895-13-5<\/p>\n\n\n\n<h4 class=\"wp-block-heading\">About the book<\/h4>\n\n\n\n<p><strong><a href=\"https:\/\/diacritik.com\/2024\/06\/21\/arnaud-rodriguez-latence-dune-passion-presence\/\" target=\"_blank\" rel=\"noopener\" title=\"\">Read an article on Diacritik<\/a><\/strong>, by Nicolas Meusnier.<\/p>\n\n\n\n<p><strong><a href=\"https:\/\/www.dropbox.com\/scl\/fi\/b2mcvy22rs8vguna4r5ss\/La-machine-lire.mp3?rlkey=vny7n32zzx9le1qji6nsoykku&amp;e=1&amp;dl=0\" target=\"_blank\" rel=\"noopener\" title=\"\">Recording of the discussion with Gilles Baume<\/a><\/strong> at the bookstore La Machine \u00e0 Lire. <\/p>\n\n\n\n<p><strong>Abstract<\/strong> <br>Tu me dis que tu as aim\u00e9 ce que j\u2019ai \u00e9crit. Tu me dis que tu as aim\u00e9 ce que j\u2019ai \u00e9crit \u00e0 la suite de ce que l\u2019on s\u2019\u00e9tait dit. Comme une spirale\u00a0: les mots sur les mots \u00e0 propos des mots et ainsi de suite. Comme une danse\u00a0: \u00e7a pourrait ne jamais finir. Ou l\u2019amour. Oui, tu me dis que tu as aim\u00e9 ce que j\u2019ai \u00e9crit. Et puisque depuis peu je te sais lecteur de mon journal, comment puis-je alors \u00e9crire\u00a0? Certes, c\u2019est toujours en sachant qu\u2019il y a quelqu\u2019un, \u00e0 l\u2019autre bout, ou bien qu\u2019il peut y avoir quelqu\u2019un\u2026 C\u2019est un jeu, un frisson parfois, une contrainte sans doute. Qu\u2019\u00e9crire chaque jour\u00a0? Que choisir dans tout ce que j\u2019ai envie de crier, puisqu\u2019\u00eatre lu partout, n\u2019est-ce pas un peu crier\u00a0? Que choisir de nous que tu ne saches d\u00e9j\u00e0 et que j\u2019aimerais retranscrire\u00a0? Et comment dire ce que l\u2019on ne s\u2019est pas encore dit, ce que l\u2019on ne se dira peut-\u00eatre pas, et que je pourrais exprimer ici et pas ailleurs, dans l\u2019instant conjoint de mon \u00e9criture et de ta pr\u00e9sence, alors que tu n\u2019es pas l\u00e0 ? Par exemple, je risque d\u2019\u00e9crire que tu me manques. Mais n\u2019es-tu pas l\u00e0\u00a0? Pr\u00e9sence, ce pourrait \u00eatre ton nom, Pr\u00e9sence.<\/p>\n<\/div><\/div>\n\n\n\n<hr class=\"wp-block-separator has-text-color has-vivid-red-color has-alpha-channel-opacity has-vivid-red-background-color has-background is-style-dots\"\/>\n\n\n\n<h2 class=\"wp-block-heading\">Others<\/h2>\n\n\n\n<p><strong><em>Journal<\/em> (Since 2002)<\/strong><\/p>\n\n\n\n<p><a href=\"http:\/\/arnaud-rodriguez.net\/journal\/\">www.arnaud-rodriguez.net\/journal\/<\/a><\/p>\n\n\n\n<hr class=\"wp-block-separator has-text-color has-vivid-red-color has-alpha-channel-opacity has-vivid-red-background-color has-background is-style-dots\"\/>\n\n\n\n<p><strong><a href=\"http:\/\/arnaud-rodriguez.net\/photo\/fr\/works\/dire-le-japon\/\">Performance litt\u00e9raire<\/a><\/strong> : <em>Dire le Japon<\/em><\/p>\n\n\n\n<p>R\u00e9alis\u00e9e pour la premi\u00e8re fois en mars 2022 \u00e0 l&#8217;occasion de &#8220;Le Temps d&#8217;un souffle&#8221;<\/p>\n\n\n\n<hr class=\"wp-block-separator has-text-color has-vivid-red-color has-alpha-channel-opacity has-vivid-red-background-color has-background is-style-dots\"\/>\n\n\n\n<p><strong><em>Ce lieu de l&#8217;absence de nous<\/em><\/strong> (En cours)<\/p>\n\n\n\n<p>Cet ouvrage&nbsp;interroge,&nbsp;\u00e0 travers souvenirs et photographies,&nbsp;mon rapport \u00e0 mon&nbsp;grand-p\u00e8re&nbsp;paternel&nbsp;que je n\u2019ai pas connu.&nbsp;Un s\u00e9jour au Chili, pour \u00e9crire l&#8217;une des parties du livre, a donn\u00e9 naissance \u00e0 une <a href=\"http:\/\/arnaud-rodriguez.net\/photo\/fr\/works\/arica\/\" data-type=\"page\" data-id=\"4979\">s\u00e9rie photographique \u00e9ponyme<\/a>.<\/p>\n\n\n\n<hr class=\"wp-block-separator has-text-color has-vivid-red-color has-alpha-channel-opacity has-vivid-red-background-color has-background is-style-dots\"\/>\n\n\n\n<p><strong><em>Faire l&#8217;amour<\/em><\/strong> (2018)<\/p>\n\n\n\n<p>Texte \u00e9crit pour une performance du chor\u00e9graphe Olivier Gabrys<\/p>\n\n\n\n<hr class=\"wp-block-separator has-text-color has-vivid-red-color has-alpha-channel-opacity has-vivid-red-background-color has-background is-style-dots\"\/>\n\n\n\n<p><em><strong>Ne rien voir, ne rien montrer<\/strong><\/em> (2013)<\/p>\n\n\n\n<p>Texte paru dans le recueil \u00ab&nbsp;Les Lucioles&nbsp;\u00bb, aux \u00e9ditions \u00ab&nbsp;Des aides sur un tracteur&nbsp;\u00bb. Livre au b\u00e9n\u00e9fice de l\u2019association \u00ab&nbsp;Le Refuge&nbsp;\u00bb (mai 2014)<\/p>\n\n\n\n<p><a rel=\"noreferrer noopener\" href=\"http:\/\/arnaud-rodriguez.net\/photo\/fr\/works\/ecrits\/ne-rien-voir-ne-rien-montrer\/\" target=\"_blank\">L<\/a><a rel=\"noreferrer noopener\" href=\"http:\/\/arnaud-rodriguez.net\/photo\/fr\/works\/ecrits\/ne-rien-voir-ne-rien-montrer\/\" target=\"_blank\">i<\/a><a rel=\"noreferrer noopener\" href=\"http:\/\/arnaud-rodriguez.net\/photo\/fr\/works\/ecrits\/ne-rien-voir-ne-rien-montrer\/\" target=\"_blank\">r<\/a><a rel=\"noreferrer noopener\" href=\"http:\/\/arnaud-rodriguez.net\/photo\/fr\/works\/ecrits\/ne-rien-voir-ne-rien-montrer\/\" target=\"_blank\">e<\/a><a rel=\"noreferrer noopener\" href=\"http:\/\/arnaud-rodriguez.net\/photo\/fr\/works\/ecrits\/ne-rien-voir-ne-rien-montrer\/\" target=\"_blank\"> <\/a><a rel=\"noreferrer noopener\" href=\"http:\/\/arnaud-rodriguez.net\/photo\/fr\/works\/ecrits\/ne-rien-voir-ne-rien-montrer\/\" target=\"_blank\">l<\/a><a rel=\"noreferrer noopener\" href=\"http:\/\/arnaud-rodriguez.net\/photo\/fr\/works\/ecrits\/ne-rien-voir-ne-rien-montrer\/\" target=\"_blank\">e<\/a><a rel=\"noreferrer noopener\" href=\"http:\/\/arnaud-rodriguez.net\/photo\/fr\/works\/ecrits\/ne-rien-voir-ne-rien-montrer\/\" target=\"_blank\"> <\/a><a rel=\"noreferrer noopener\" href=\"http:\/\/arnaud-rodriguez.net\/photo\/fr\/works\/ecrits\/ne-rien-voir-ne-rien-montrer\/\" target=\"_blank\">t<\/a><a rel=\"noreferrer noopener\" href=\"http:\/\/arnaud-rodriguez.net\/photo\/fr\/works\/ecrits\/ne-rien-voir-ne-rien-montrer\/\" target=\"_blank\">e<\/a><a rel=\"noreferrer noopener\" href=\"http:\/\/arnaud-rodriguez.net\/photo\/fr\/works\/ecrits\/ne-rien-voir-ne-rien-montrer\/\" target=\"_blank\">x<\/a><a rel=\"noreferrer noopener\" href=\"http:\/\/arnaud-rodriguez.net\/photo\/fr\/works\/ecrits\/ne-rien-voir-ne-rien-montrer\/\" target=\"_blank\">t<\/a><a rel=\"noreferrer noopener\" href=\"http:\/\/arnaud-rodriguez.net\/photo\/fr\/works\/ecrits\/ne-rien-voir-ne-rien-montrer\/\" target=\"_blank\">e<\/a><\/p>\n\n\n\n<hr class=\"wp-block-separator has-text-color has-vivid-red-color has-alpha-channel-opacity has-vivid-red-background-color has-background is-style-dots\"\/>\n\n\n\n<p><em><strong>Bons baisers d\u2019Istanbul<\/strong><\/em> (2013)<\/p>\n\n\n\n<p>Nouvelle \u00e9crite dans le cadre du Master 1 du Celsa (Sorbonne Universit\u00e9)<\/p>\n\n\n\n<p>Extrait :<\/p>\n\n\n\n<blockquote class=\"wp-block-quote is-layout-flow wp-block-quote-is-layout-flow\">\n<p>La concierge est encore la\u0300. Elle n\u2019ouvre jamais vraiment la porte, on se demande ce qu\u2019il y a derrie\u0300re le petit rideau de dentelle un peu poussie\u0301reux, derrie\u0300re le plus gros de velours rouge qui en hiver freine les courants d\u2019air. Elle se glisse de biais et les curieux ou les chanceux aperc\u0327oivent ce qu\u2019ils peuvent, ce qu\u2019elle laisse e\u0301chapper de myste\u0300re, le temps d\u2019un courant d\u2019air. Je suis du genre curieux mais je ne suis jamais tre\u0300s bien place\u0301 pour voir. J\u2019imagine un buffet en formica qu\u2019elle aurait re\u0302ve\u0301 en acajou. Il s\u2019y cache des breloques oublie\u0301es et des objets pre\u0301cieux, de l\u2019argenterie noircie et sa boi\u0302te me\u0301tallique aux teintes roses e\u0301ternelles, remplie de confiseries qu\u2019elle offre vers 17h20 aux enfants du deuxie\u0300me. Au fond de la pie\u0300ce, derrie\u0300re des plantes et un te\u0301le\u0301viseur, il y a force\u0301ment cette carte dont elle m\u2019a parle\u0301 un jour, comme c\u0327a, une improbable carte de ge\u0301ographie, garde\u0301e de sa me\u0300re, institutrice qu\u2019elle e\u0301voque en novembre ou en mai pour les anniversaires : naissance, mariage, mort. D\u2019autres auraient enroule\u0301 dans un placard les territoires multicolores qu\u2019elle a pre\u0301fe\u0301re\u0301 punaiser. Elle y re\u0302ve des paysages lointains, les pyramides, Madrid, Buenos Aires et me\u0302me Hiroshima dont elle ne soupc\u0327onne me\u0302me pas la moiteur des soirs d\u2019aou\u0302t. Les cartes postales que je lui envoie ne sont pas loin, elle me dit qu\u2019elle les garde, qu\u2019elle aurait aime\u0301 voir Beyrouth du temps de\u2026 du temps d\u2019avant. D\u2019avant quoi, je ne sais pas, ses paroles restent toujours suspendues. J\u2019imagine un amour de jeunesse, des projets de mariage enfouis sous les anne\u0301es et sa pudeur, tandis qu\u2019elle fourre ses mains dans les poches de sa blouse sombre ou\u0300 trai\u0302nent un trousseau de cle\u0301s et un mouchoir a\u0300 peine froisse\u0301 d\u2019eau de Cologne.<\/p>\n<\/blockquote>\n\n\n\n<hr class=\"wp-block-separator has-text-color has-vivid-red-color has-alpha-channel-opacity has-vivid-red-background-color has-background is-style-dots\"\/>\n\n\n\n<p><strong><em>Contrepoints (2012)<\/em><\/strong><\/p>\n\n\n\n<p>Textes int\u00e9gr\u00e9s \u00e0 l&#8217;exposition<em> Contrepoints Japonais<\/em>.<\/p>\n\n\n\n<hr class=\"wp-block-separator has-text-color has-vivid-red-color has-alpha-channel-opacity has-vivid-red-background-color has-background is-style-dots\"\/>\n\n\n\n<p><strong><em>Et si demain (2011)<\/em><\/strong><\/p>\n\n\n\n<p>Texte \u00e9crit pour l&#8217;exposition <em><a href=\"http:\/\/arnaud-rodriguez.net\/photo\/fr\/works\/expositions\/et-si-demain-2\/\" data-type=\"page\" data-id=\"1024\">Et si demain<\/a><\/em><\/p>\n\n\n\n<blockquote class=\"wp-block-quote is-layout-flow wp-block-quote-is-layout-flow\">\n<p>Et si demain vous passiez l\u00e0, de l\u2019autre c\u00f4t\u00e9 de la vitre ; votre geste fragile, votre absence m\u2019emporteraient. Je chercherais alors votre d\u00e9licatesse chez celle qui traverse et votre \u00e9l\u00e9gance chez celle qui s\u2019\u00e9loigne. J\u2019imaginerais votre parfum sur celle qui s\u2019approche et vos soupirs chez celle qui attend. H\u00e9las, petit \u00e0 petit, je conc\u00e8derais que le hasard ne suffit pas. Alors derri\u00e8re cette vitre je vous attendrais, r\u00eavant que ce chemin f\u00fbt une de vos habitudes.<\/p>\n<\/blockquote>\n","protected":false},"excerpt":{"rendered":"<p>Pr\u00e9sence Published by \u00e9ditions Labyrinthe[s in May 2024 Editor&#8217;s webpage :https:\/\/labyrinthes.net\/ouvrage\/presence\/ For any orders:https:\/\/labyrinthes.sumupstore.com\/article\/arnaud-rodriguez-presence ISBN : 978-2-492895-13-5 About the book Read an article on Diacritik, by Nicolas Meusnier. Recording of the discussion with Gilles Baume at the bookstore La Machine \u00e0 Lire. Abstract Tu me dis que tu as aim\u00e9 ce que j\u2019ai \u00e9crit. Tu [&hellip;]<\/p>\n","protected":false},"author":2,"featured_media":0,"parent":0,"menu_order":7,"comment_status":"open","ping_status":"closed","template":"","meta":{"_monsterinsights_skip_tracking":false,"_monsterinsights_sitenote_active":false,"_monsterinsights_sitenote_note":"","_monsterinsights_sitenote_category":0,"footnotes":""},"class_list":["post-13866","page","type-page","status-publish","hentry"],"aioseo_notices":[],"_links":{"self":[{"href":"https:\/\/arnaud-rodriguez.net\/photo\/en\/wp-json\/wp\/v2\/pages\/13866","targetHints":{"allow":["GET"]}}],"collection":[{"href":"https:\/\/arnaud-rodriguez.net\/photo\/en\/wp-json\/wp\/v2\/pages"}],"about":[{"href":"https:\/\/arnaud-rodriguez.net\/photo\/en\/wp-json\/wp\/v2\/types\/page"}],"author":[{"embeddable":true,"href":"https:\/\/arnaud-rodriguez.net\/photo\/en\/wp-json\/wp\/v2\/users\/2"}],"replies":[{"embeddable":true,"href":"https:\/\/arnaud-rodriguez.net\/photo\/en\/wp-json\/wp\/v2\/comments?post=13866"}],"version-history":[{"count":2,"href":"https:\/\/arnaud-rodriguez.net\/photo\/en\/wp-json\/wp\/v2\/pages\/13866\/revisions"}],"predecessor-version":[{"id":13907,"href":"https:\/\/arnaud-rodriguez.net\/photo\/en\/wp-json\/wp\/v2\/pages\/13866\/revisions\/13907"}],"wp:attachment":[{"href":"https:\/\/arnaud-rodriguez.net\/photo\/en\/wp-json\/wp\/v2\/media?parent=13866"}],"curies":[{"name":"wp","href":"https:\/\/api.w.org\/{rel}","templated":true}]}}