{"id":1024,"date":"2015-06-11T02:19:50","date_gmt":"2011-10-23T11:48:16","guid":{"rendered":"http:\/\/www.avec-un-z.fr\/photo\/?page_id=1024"},"modified":"2017-06-03T13:33:51","modified_gmt":"2017-06-03T11:33:51","slug":"et-si-demain-2","status":"publish","type":"page","link":"https:\/\/arnaud-rodriguez.net\/photo\/expositions\/et-si-demain-2\/","title":{"rendered":"Et si demain"},"content":{"rendered":"<p>Exposition r\u00e9alis\u00e9e par La Galerie Miniature, \u00e0 la Galerie Jeune Cr\u00e9ation (24 rue Berthe &#8211; Paris 18\u00e8me).<\/p>\n<p><strong>Du 22 novembre au 7 d\u00e9cembre 2011.<\/strong><\/p>\n<p><strong><a href=\"http:\/\/www.arnaud-rodriguez.net\/photo\/wp-content\/uploads\/2011\/10\/expo-DSC_8955-2.jpg\"><img loading=\"lazy\" decoding=\"async\" class=\"alignnone size-large wp-image-1199\" title=\"expo-DSC_8955-2\" src=\"http:\/\/www.arnaud-rodriguez.net\/photo\/wp-content\/uploads\/2011\/10\/expo-DSC_8955-2-715x400.jpg\" alt=\"\" width=\"715\" height=\"400\" \/><\/a><br \/>\n<\/strong><\/p>\n<p>En savoir plus : <a href=\"http:\/\/galerieminiature.wordpress.com\/2011\/11\/05\/et-si-demain-a-la-galerie-jeune-creation\/\" target=\"_blank\">http:\/\/galerieminiature.wordpress.com\/2011\/11\/05\/et-si-demain-a-la-galerie-jeune-creation\/<\/a><\/p>\n<h3>Projet pr\u00e9sent\u00e9 (texte et photographies) :<\/h3>\n<p><a href=\"http:\/\/www.arnaud-rodriguez.net\/photo\/wp-content\/uploads\/2011\/10\/expo-DSC_8430.jpg\"><img loading=\"lazy\" decoding=\"async\" class=\"alignnone size-large wp-image-1197\" title=\"expo-DSC_8430\" src=\"http:\/\/www.arnaud-rodriguez.net\/photo\/wp-content\/uploads\/2011\/10\/expo-DSC_8430-475x715.jpg\" alt=\"\" width=\"475\" height=\"715\" \/><\/a><\/p>\n<p><em>Et si demain vous passiez l\u00e0, de l&rsquo;autre c\u00f4t\u00e9 de la vitre ; votre geste fragile, votre absence m&#8217;emporteraient. Je chercherais alors votre d\u00e9licatesse chez celle qui traverse et votre \u00e9l\u00e9gance chez celle qui s&rsquo;\u00e9loigne. J&rsquo;imaginerais votre parfum sur celle qui s&rsquo;approche et vos soupirs chez celle qui attend. H\u00e9las, petit \u00e0 petit, je conc\u00e8derais que le hasard ne suffit pas. Alors derri\u00e8re cette vitre je vous attendrais, r\u00eavant que ce chemin f\u00fbt une de vos habitudes.<\/em><\/p>\n<p><a href=\"http:\/\/www.arnaud-rodriguez.net\/photo\/wp-content\/uploads\/2011\/10\/etsi-DSC_8491.jpg\"><img loading=\"lazy\" decoding=\"async\" class=\"size-medium wp-image-1028 alignnone\" title=\"_-etsi--DSC_8491\" src=\"http:\/\/www.arnaud-rodriguez.net\/photo\/wp-content\/uploads\/2011\/10\/etsi-DSC_8491-300x199.jpg\" alt=\"\" width=\"300\" height=\"199\" \/> <\/a><a href=\"http:\/\/www.arnaud-rodriguez.net\/photo\/wp-content\/uploads\/2011\/10\/etsi-DSC_9158.jpg\"><img loading=\"lazy\" decoding=\"async\" class=\"size-medium wp-image-1030 alignnone\" title=\"_-etsi--DSC_9158\" src=\"http:\/\/www.arnaud-rodriguez.net\/photo\/wp-content\/uploads\/2011\/10\/etsi-DSC_9158-300x199.jpg\" alt=\"\" width=\"300\" height=\"199\" \/><\/a><\/p>\n<p><a href=\"http:\/\/www.arnaud-rodriguez.net\/photo\/wp-content\/uploads\/2011\/10\/etsi-DSC_2072.jpg\"><img loading=\"lazy\" decoding=\"async\" class=\"alignnone size-medium wp-image-1025\" title=\"_-etsi--DSC_2072\" src=\"http:\/\/www.arnaud-rodriguez.net\/photo\/wp-content\/uploads\/2011\/10\/etsi-DSC_2072-300x199.jpg\" alt=\"\" width=\"300\" height=\"199\" \/><\/a><a href=\"http:\/\/www.arnaud-rodriguez.net\/photo\/wp-content\/uploads\/2011\/10\/etsi-DSC_3272.jpg\"> <img loading=\"lazy\" decoding=\"async\" class=\"size-medium wp-image-1026 alignnone\" title=\"_-etsi--DSC_3272\" src=\"http:\/\/www.arnaud-rodriguez.net\/photo\/wp-content\/uploads\/2011\/10\/etsi-DSC_3272-300x199.jpg\" alt=\"\" width=\"300\" height=\"199\" \/><\/a><a href=\"http:\/\/www.arnaud-rodriguez.net\/photo\/wp-content\/uploads\/2011\/10\/etsi-DSC_2072.jpg\"> ,<\/a><\/p>\n<p><a href=\"http:\/\/www.arnaud-rodriguez.net\/photo\/wp-content\/uploads\/2011\/10\/etsi-DSC_9516.jpg\"><img loading=\"lazy\" decoding=\"async\" class=\"alignnone size-medium wp-image-1032\" title=\"_-etsi--DSC_9516\" src=\"http:\/\/www.arnaud-rodriguez.net\/photo\/wp-content\/uploads\/2011\/10\/etsi-DSC_9516-300x451.jpg\" alt=\"\" width=\"300\" height=\"451\" \/><\/a><a href=\"http:\/\/www.arnaud-rodriguez.net\/photo\/wp-content\/uploads\/2011\/10\/etsi-DSC_9498.jpg\"> <img loading=\"lazy\" decoding=\"async\" class=\"alignnone size-medium wp-image-1031\" title=\"_-etsi--DSC_9498\" src=\"http:\/\/www.arnaud-rodriguez.net\/photo\/wp-content\/uploads\/2011\/10\/etsi-DSC_9498-300x451.jpg\" alt=\"\" width=\"300\" height=\"451\" \/><\/a><\/p>\n<p><a href=\"http:\/\/www.arnaud-rodriguez.net\/photo\/wp-content\/uploads\/2011\/10\/etsi-DSC_9100.jpg\"><img loading=\"lazy\" decoding=\"async\" class=\"alignnone size-medium wp-image-1029\" title=\"_-etsi--DSC_9100\" src=\"http:\/\/www.arnaud-rodriguez.net\/photo\/wp-content\/uploads\/2011\/10\/etsi-DSC_9100-300x199.jpg\" alt=\"\" width=\"300\" height=\"199\" \/> <\/a><a href=\"http:\/\/www.arnaud-rodriguez.net\/photo\/wp-content\/uploads\/2011\/10\/etsi-DSC_2094.jpg\"><img loading=\"lazy\" decoding=\"async\" class=\"alignnone size-medium wp-image-1058\" title=\"_-etsi--DSC_2094\" src=\"http:\/\/www.arnaud-rodriguez.net\/photo\/wp-content\/uploads\/2011\/10\/etsi-DSC_2094-300x199.jpg\" alt=\"\" width=\"300\" height=\"199\" \/><\/a><\/p>\n<p><a href=\"http:\/\/www.arnaud-rodriguez.net\/photo\/wp-content\/uploads\/2011\/10\/etsi-DSC_8472.jpg\"><img loading=\"lazy\" decoding=\"async\" class=\"alignnone size-medium wp-image-1027\" title=\"_-etsi--DSC_8472\" src=\"http:\/\/www.arnaud-rodriguez.net\/photo\/wp-content\/uploads\/2011\/10\/etsi-DSC_8472-300x199.jpg\" alt=\"\" width=\"300\" height=\"199\" \/><\/a><\/p>\n","protected":false},"excerpt":{"rendered":"<p>Exposition r\u00e9alis\u00e9e par La Galerie Miniature, \u00e0 la Galerie Jeune Cr\u00e9ation (24 rue Berthe &#8211; Paris 18\u00e8me). Du 22 novembre au 7 d\u00e9cembre 2011. En savoir plus : http:\/\/galerieminiature.wordpress.com\/2011\/11\/05\/et-si-demain-a-la-galerie-jeune-creation\/ Projet pr\u00e9sent\u00e9 (texte et photographies) : Et si demain vous passiez l\u00e0, de l&rsquo;autre c\u00f4t\u00e9 de la vitre ; votre geste fragile, votre absence m&#8217;emporteraient. Je [&hellip;]<\/p>\n","protected":false},"author":2,"featured_media":0,"parent":892,"menu_order":10,"comment_status":"open","ping_status":"closed","template":"","meta":{"_monsterinsights_skip_tracking":false,"_monsterinsights_sitenote_active":false,"_monsterinsights_sitenote_note":"","_monsterinsights_sitenote_category":0,"footnotes":""},"class_list":["post-1024","page","type-page","status-publish","hentry"],"aioseo_notices":[],"_links":{"self":[{"href":"https:\/\/arnaud-rodriguez.net\/photo\/wp-json\/wp\/v2\/pages\/1024","targetHints":{"allow":["GET"]}}],"collection":[{"href":"https:\/\/arnaud-rodriguez.net\/photo\/wp-json\/wp\/v2\/pages"}],"about":[{"href":"https:\/\/arnaud-rodriguez.net\/photo\/wp-json\/wp\/v2\/types\/page"}],"author":[{"embeddable":true,"href":"https:\/\/arnaud-rodriguez.net\/photo\/wp-json\/wp\/v2\/users\/2"}],"replies":[{"embeddable":true,"href":"https:\/\/arnaud-rodriguez.net\/photo\/wp-json\/wp\/v2\/comments?post=1024"}],"version-history":[{"count":1,"href":"https:\/\/arnaud-rodriguez.net\/photo\/wp-json\/wp\/v2\/pages\/1024\/revisions"}],"predecessor-version":[{"id":4457,"href":"https:\/\/arnaud-rodriguez.net\/photo\/wp-json\/wp\/v2\/pages\/1024\/revisions\/4457"}],"up":[{"embeddable":true,"href":"https:\/\/arnaud-rodriguez.net\/photo\/wp-json\/wp\/v2\/pages\/892"}],"wp:attachment":[{"href":"https:\/\/arnaud-rodriguez.net\/photo\/wp-json\/wp\/v2\/media?parent=1024"}],"curies":[{"name":"wp","href":"https:\/\/api.w.org\/{rel}","templated":true}]}}