{"id":1934,"date":"2015-06-11T02:32:27","date_gmt":"2015-06-11T00:32:27","guid":{"rendered":"http:\/\/www.avec-un-z.fr\/photo\/?page_id=1934"},"modified":"2025-02-09T16:21:36","modified_gmt":"2025-02-09T15:21:36","slug":"nederlux","status":"publish","type":"page","link":"https:\/\/arnaud-rodriguez.net\/photo\/series\/nederlux\/","title":{"rendered":"Nederlux"},"content":{"rendered":"\n<h3 class=\"wp-block-heading\">Rotterdam, 2010<\/h3>\n\n\n\n<p>Le 23 janvier 2010, je fais l\u2019acquisition de mon Nikon D700. Six jours plus tard, je pars \u00e0 Rotterdam pour 48 heures&#8230;<br>S\u00e9rie expos\u00e9e \u00e0 Amiens (Le Cajou) en mars 2011<\/p>\n\n\n\n<figure class=\"wp-block-image alignleft\"><a href=\"http:\/\/www.arnaud-rodriguez.net\/photo\/wp-content\/uploads\/2012\/01\/dsc_0838-nederlux.jpg\"><img decoding=\"async\" src=\"http:\/\/www.arnaud-rodriguez.net\/photo\/wp-content\/uploads\/2012\/01\/dsc_0838-nederlux-430x291.jpg\" alt=\"dsc_0838-nederlux\" class=\"wp-image-2064\"\/><\/a><\/figure>\n\n\n\n<figure class=\"wp-block-image alignleft\"><a href=\"http:\/\/www.arnaud-rodriguez.net\/photo\/wp-content\/uploads\/2012\/01\/dsc_0831-nederlux.jpg\"><img decoding=\"async\" src=\"http:\/\/www.arnaud-rodriguez.net\/photo\/wp-content\/uploads\/2012\/01\/dsc_0831-nederlux-430x291.jpg\" alt=\"dsc_0831-nederlux\" class=\"wp-image-2063\"\/><\/a><\/figure>\n\n\n\n<figure class=\"wp-block-image alignleft\"><a href=\"http:\/\/www.arnaud-rodriguez.net\/photo\/wp-content\/uploads\/2012\/01\/dsc_0859-nederlux.jpg\"><img decoding=\"async\" src=\"http:\/\/www.arnaud-rodriguez.net\/photo\/wp-content\/uploads\/2012\/01\/dsc_0859-nederlux-430x291.jpg\" alt=\"dsc_0859-nederlux\" class=\"wp-image-2065\"\/><\/a><\/figure>\n\n\n\n<figure class=\"wp-block-image alignleft\"><a href=\"http:\/\/www.arnaud-rodriguez.net\/photo\/wp-content\/uploads\/2012\/01\/dsc_0867-nederlux.jpg\"><img decoding=\"async\" src=\"http:\/\/www.arnaud-rodriguez.net\/photo\/wp-content\/uploads\/2012\/01\/dsc_0867-nederlux-430x291.jpg\" alt=\"dsc_0867-nederlux\" class=\"wp-image-2066\"\/><\/a><\/figure>\n\n\n\n<figure class=\"wp-block-image alignleft\"><a href=\"http:\/\/www.arnaud-rodriguez.net\/photo\/wp-content\/uploads\/2012\/01\/dsc_1153-nederlux.jpg\"><img decoding=\"async\" src=\"http:\/\/www.arnaud-rodriguez.net\/photo\/wp-content\/uploads\/2012\/01\/dsc_1153-nederlux-430x291.jpg\" alt=\"dsc_1153-nederlux\" class=\"wp-image-2070\"\/><\/a><\/figure>\n\n\n\n<figure class=\"wp-block-image alignleft\"><a href=\"http:\/\/www.arnaud-rodriguez.net\/photo\/wp-content\/uploads\/2012\/01\/dsc_0903-nederlux.jpg\"><img decoding=\"async\" src=\"http:\/\/www.arnaud-rodriguez.net\/photo\/wp-content\/uploads\/2012\/01\/dsc_0903-nederlux-430x291.jpg\" alt=\"dsc_0903-nederlux\" class=\"wp-image-2068\"\/><\/a><\/figure>\n\n\n\n<figure class=\"wp-block-image alignleft\"><a href=\"http:\/\/www.arnaud-rodriguez.net\/photo\/wp-content\/uploads\/2012\/01\/dsc_0885-nederlux.jpg\"><img decoding=\"async\" src=\"http:\/\/www.arnaud-rodriguez.net\/photo\/wp-content\/uploads\/2012\/01\/dsc_0885-nederlux-430x291.jpg\" alt=\"dsc_0885-nederlux\" class=\"wp-image-2067\"\/><\/a><\/figure>\n\n\n\n<figure class=\"wp-block-image alignleft\"><a href=\"http:\/\/www.arnaud-rodriguez.net\/photo\/wp-content\/uploads\/2012\/01\/dsc_1158-nederlux.jpg\"><img decoding=\"async\" src=\"http:\/\/www.arnaud-rodriguez.net\/photo\/wp-content\/uploads\/2012\/01\/dsc_1158-nederlux-430x291.jpg\" alt=\"dsc_1158-nederlux\" class=\"wp-image-2071\"\/><\/a><\/figure>\n\n\n\n<figure class=\"wp-block-image alignleft\"><a href=\"http:\/\/www.arnaud-rodriguez.net\/photo\/wp-content\/uploads\/2012\/01\/dsc_1189-nederlux.jpg\"><img decoding=\"async\" src=\"http:\/\/www.arnaud-rodriguez.net\/photo\/wp-content\/uploads\/2012\/01\/dsc_1189-nederlux-430x291.jpg\" alt=\"dsc_1189-nederlux\" class=\"wp-image-2072\"\/><\/a><\/figure>\n\n\n\n<figure class=\"wp-block-image alignleft\"><a href=\"http:\/\/www.arnaud-rodriguez.net\/photo\/wp-content\/uploads\/2012\/01\/dsc_1232-nederlux.jpg\"><img decoding=\"async\" src=\"http:\/\/www.arnaud-rodriguez.net\/photo\/wp-content\/uploads\/2012\/01\/dsc_1232-nederlux-430x291.jpg\" alt=\"dsc_1232-nederlux\" class=\"wp-image-2073\"\/><\/a><\/figure>\n\n\n\n<figure class=\"wp-block-image alignleft\"><a href=\"http:\/\/www.arnaud-rodriguez.net\/photo\/wp-content\/uploads\/2012\/01\/dsc_1285-nederlux.jpg\"><img decoding=\"async\" src=\"http:\/\/www.arnaud-rodriguez.net\/photo\/wp-content\/uploads\/2012\/01\/dsc_1285-nederlux-430x291.jpg\" alt=\"dsc_1285-nederlux\" class=\"wp-image-2074\"\/><\/a><\/figure>\n\n\n\n<figure class=\"wp-block-image alignleft\"><a href=\"http:\/\/www.arnaud-rodriguez.net\/photo\/wp-content\/uploads\/2012\/01\/dsc_0911-nederlux.jpg\"><img decoding=\"async\" src=\"http:\/\/www.arnaud-rodriguez.net\/photo\/wp-content\/uploads\/2012\/01\/dsc_0911-nederlux-430x286.jpg\" alt=\"dsc_0911-nederlux\" class=\"wp-image-2069\"\/><\/a><\/figure>\n","protected":false},"excerpt":{"rendered":"<p>Rotterdam, 2010 Le 23 janvier 2010, je fais l\u2019acquisition de mon Nikon D700. Six jours plus tard, je pars \u00e0 Rotterdam pour 48 heures&#8230;S\u00e9rie expos\u00e9e \u00e0 Amiens (Le Cajou) en mars 2011<\/p>\n","protected":false},"author":2,"featured_media":0,"parent":1245,"menu_order":0,"comment_status":"open","ping_status":"closed","template":"","meta":{"_monsterinsights_skip_tracking":false,"_monsterinsights_sitenote_active":false,"_monsterinsights_sitenote_note":"","_monsterinsights_sitenote_category":0,"footnotes":""},"class_list":["post-1934","page","type-page","status-publish","hentry"],"aioseo_notices":[],"_links":{"self":[{"href":"https:\/\/arnaud-rodriguez.net\/photo\/wp-json\/wp\/v2\/pages\/1934","targetHints":{"allow":["GET"]}}],"collection":[{"href":"https:\/\/arnaud-rodriguez.net\/photo\/wp-json\/wp\/v2\/pages"}],"about":[{"href":"https:\/\/arnaud-rodriguez.net\/photo\/wp-json\/wp\/v2\/types\/page"}],"author":[{"embeddable":true,"href":"https:\/\/arnaud-rodriguez.net\/photo\/wp-json\/wp\/v2\/users\/2"}],"replies":[{"embeddable":true,"href":"https:\/\/arnaud-rodriguez.net\/photo\/wp-json\/wp\/v2\/comments?post=1934"}],"version-history":[{"count":4,"href":"https:\/\/arnaud-rodriguez.net\/photo\/wp-json\/wp\/v2\/pages\/1934\/revisions"}],"predecessor-version":[{"id":14577,"href":"https:\/\/arnaud-rodriguez.net\/photo\/wp-json\/wp\/v2\/pages\/1934\/revisions\/14577"}],"up":[{"embeddable":true,"href":"https:\/\/arnaud-rodriguez.net\/photo\/wp-json\/wp\/v2\/pages\/1245"}],"wp:attachment":[{"href":"https:\/\/arnaud-rodriguez.net\/photo\/wp-json\/wp\/v2\/media?parent=1934"}],"curies":[{"name":"wp","href":"https:\/\/api.w.org\/{rel}","templated":true}]}}