{"id":2950,"date":"2015-12-23T03:34:15","date_gmt":"2015-05-14T01:17:24","guid":{"rendered":"http:\/\/www.arnaudrodriguez.net\/?page_id=2950"},"modified":"2022-11-20T23:23:59","modified_gmt":"2022-11-20T22:23:59","slug":"akari","status":"publish","type":"page","link":"https:\/\/arnaud-rodriguez.net\/photo\/series\/akari\/","title":{"rendered":"Akari"},"content":{"rendered":"\n<p>Japon, 2014 &#8211; 2017<\/p>\n\n\n\n<figure class=\"wp-block-image\"><img decoding=\"async\" src=\"http:\/\/www.arnaud-rodriguez.net\/photo\/wp-content\/uploads\/2015\/03\/light-DSC_9450.jpg\" alt=\"light-DSC_9450\" class=\"wp-image-2878\"\/><\/figure>\n\n\n\n<p>Ce travail de recherche, sur la nuit japonaise, est \u00e0 l&rsquo;origine de la conf\u00e9rence \u00ab\u00a0<em>La lumi\u00e8re au Japon<\/em>\u00a0\u00bb au mus\u00e9e d&rsquo;Aquitaine (Bordeaux) en novembre 2015.<\/p>\n\n\n\n<p>Plusieurs photographies ont \u00e9t\u00e9 expos\u00e9es lors de l&rsquo;exposition <em>Hikari<\/em>.<\/p>\n\n\n\n<p>Si le mot <em>Hikari<\/em> d\u00e9signe ne japonais la lumi\u00e8re, le mot <em>Akari<\/em> correspond sp\u00e9cifiquement \u00e0 la lumi\u00e8re artificielle. <\/p>\n\n\n\n<p><img loading=\"lazy\" decoding=\"async\" width=\"7086\" height=\"4724\" class=\"alignnone wp-image-3705 size-full\" src=\"http:\/\/www.arnaud-rodriguez.net\/photo\/wp-content\/uploads\/2015\/12\/big-DSC_4648-2.jpg\" alt=\"__big-DSC_4648-2\"><br><img loading=\"lazy\" decoding=\"async\" width=\"4248\" height=\"2832\" class=\"alignnone size-full wp-image-3706\" src=\"http:\/\/www.arnaud-rodriguez.net\/photo\/wp-content\/uploads\/2015\/12\/6-DSC_6080.jpg\" alt=\"6-DSC_6080\"><\/p>\n\n\n\n<figure class=\"wp-block-image\"><img decoding=\"async\" src=\"http:\/\/www.arnaud-rodriguez.net\/photo\/wp-content\/uploads\/2015\/12\/7-DSC_7358-2.jpg\" alt=\"7-DSC_7358-2\" class=\"wp-image-3707\"\/><\/figure>\n\n\n\n<figure class=\"wp-block-image\"><img decoding=\"async\" src=\"http:\/\/www.arnaud-rodriguez.net\/photo\/wp-content\/uploads\/2015\/12\/DSC_2126.jpg\" alt=\"DSC_2126\" class=\"wp-image-3710\"\/><\/figure>\n\n\n\n<figure class=\"wp-block-image\"><img decoding=\"async\" src=\"http:\/\/www.arnaud-rodriguez.net\/photo\/wp-content\/uploads\/2015\/11\/151016-DSC_2466.jpg\" alt=\"151016-DSC_2466\" class=\"wp-image-3581\"\/><\/figure>\n\n\n\n<figure class=\"wp-block-image\"><img decoding=\"async\" src=\"http:\/\/www.arnaud-rodriguez.net\/photo\/wp-content\/uploads\/2015\/12\/akari-DSC_2268-e1462678849135.jpg\" alt=\"akari-DSC_2268\" class=\"wp-image-3719\"\/><\/figure>\n\n\n\n<figure class=\"wp-block-image\"><img decoding=\"async\" src=\"http:\/\/www.arnaud-rodriguez.net\/photo\/wp-content\/uploads\/2015\/12\/akari-DSC_2455-e1462678840387.jpg\" alt=\"akari-DSC_2455\" class=\"wp-image-3720\"\/><\/figure>\n\n\n\n<figure class=\"wp-block-image\"><img decoding=\"async\" src=\"http:\/\/www.arnaud-rodriguez.net\/photo\/wp-content\/uploads\/2015\/12\/7-yusenji-DSC_8115-e1462678824888.jpg\" alt=\"7-yusenji-DSC_8115\" class=\"wp-image-3721\"\/><\/figure>\n\n\n\n<figure class=\"wp-block-image\"><img loading=\"lazy\" decoding=\"async\" width=\"960\" height=\"638\" src=\"http:\/\/www.arnaud-rodriguez.net\/photo\/wp-content\/uploads\/2015\/03\/150101-IMGP0793.jpg\" alt=\"150101-IMGP0793\" class=\"wp-image-2903\" srcset=\"https:\/\/arnaud-rodriguez.net\/photo\/wp-content\/uploads\/2015\/03\/150101-IMGP0793.jpg 960w, https:\/\/arnaud-rodriguez.net\/photo\/wp-content\/uploads\/2015\/03\/150101-IMGP0793-300x199.jpg 300w, https:\/\/arnaud-rodriguez.net\/photo\/wp-content\/uploads\/2015\/03\/150101-IMGP0793-768x510.jpg 768w\" sizes=\"auto, (max-width: 960px) 100vw, 960px\" \/><\/figure>\n","protected":false},"excerpt":{"rendered":"<p>Japon, 2014 &#8211; 2017 Ce travail de recherche, sur la nuit japonaise, est \u00e0 l&rsquo;origine de la conf\u00e9rence \u00ab\u00a0La lumi\u00e8re au Japon\u00a0\u00bb au mus\u00e9e d&rsquo;Aquitaine (Bordeaux) en novembre 2015. Plusieurs photographies ont \u00e9t\u00e9 expos\u00e9es lors de l&rsquo;exposition Hikari. Si le mot Hikari d\u00e9signe ne japonais la lumi\u00e8re, le mot Akari correspond sp\u00e9cifiquement \u00e0 la lumi\u00e8re [&hellip;]<\/p>\n","protected":false},"author":2,"featured_media":0,"parent":1245,"menu_order":0,"comment_status":"open","ping_status":"open","template":"","meta":{"_monsterinsights_skip_tracking":false,"_monsterinsights_sitenote_active":false,"_monsterinsights_sitenote_note":"","_monsterinsights_sitenote_category":0,"footnotes":""},"class_list":["post-2950","page","type-page","status-publish","hentry"],"aioseo_notices":[],"_links":{"self":[{"href":"https:\/\/arnaud-rodriguez.net\/photo\/wp-json\/wp\/v2\/pages\/2950","targetHints":{"allow":["GET"]}}],"collection":[{"href":"https:\/\/arnaud-rodriguez.net\/photo\/wp-json\/wp\/v2\/pages"}],"about":[{"href":"https:\/\/arnaud-rodriguez.net\/photo\/wp-json\/wp\/v2\/types\/page"}],"author":[{"embeddable":true,"href":"https:\/\/arnaud-rodriguez.net\/photo\/wp-json\/wp\/v2\/users\/2"}],"replies":[{"embeddable":true,"href":"https:\/\/arnaud-rodriguez.net\/photo\/wp-json\/wp\/v2\/comments?post=2950"}],"version-history":[{"count":6,"href":"https:\/\/arnaud-rodriguez.net\/photo\/wp-json\/wp\/v2\/pages\/2950\/revisions"}],"predecessor-version":[{"id":6908,"href":"https:\/\/arnaud-rodriguez.net\/photo\/wp-json\/wp\/v2\/pages\/2950\/revisions\/6908"}],"up":[{"embeddable":true,"href":"https:\/\/arnaud-rodriguez.net\/photo\/wp-json\/wp\/v2\/pages\/1245"}],"wp:attachment":[{"href":"https:\/\/arnaud-rodriguez.net\/photo\/wp-json\/wp\/v2\/media?parent=2950"}],"curies":[{"name":"wp","href":"https:\/\/api.w.org\/{rel}","templated":true}]}}