{"id":6401,"date":"2021-10-10T12:46:54","date_gmt":"2021-10-10T10:46:54","guid":{"rendered":"http:\/\/arnaud-rodriguez.net\/photo\/?page_id=6401"},"modified":"2026-04-25T16:29:29","modified_gmt":"2026-04-25T14:29:29","slug":"actus","status":"publish","type":"page","link":"https:\/\/arnaud-rodriguez.net\/photo\/actus\/","title":{"rendered":"Actualit\u00e9s"},"content":{"rendered":"\n<h3 class=\"wp-block-heading\">Prochainement<\/h3>\n\n\n\n<p>Samedi 6 juin \u00e0 17h30<br><strong>Lectures \u00e0 voix haute<\/strong> \u00e0 la librairie La Machine \u00e0 Lire, Bordeaux.<br>dans le cadre de l&rsquo;\u00e9v\u00e9nement \u00ab\u00a0Fascinante Ecosse\u00a0\u00bb <\/p>\n\n\n\n<h3 class=\"wp-block-heading\">Nouveau !<\/h3>\n\n\n\n<p>Avril 2026<br><strong>Acquisition d&rsquo;un tirage<\/strong> de \u00ab\u00a0Autoportrait aux chaussette roses n\u00b01\u00a0\u00bb de la s\u00e9rie \u00ab\u00a0<a href=\"https:\/\/arnaud-rodriguez.net\/photo\/series\/prenom-z\/\" title=\"Pr\u00e9nom Z.\">Pr\u00e9nom Z<\/a>\u00a0\u00bb par l&rsquo;artoth\u00e8que de Poitiers.<\/p>\n\n\n\n<h3 class=\"wp-block-heading\">C&rsquo;est pass\u00e9\u2026<\/h3>\n\n\n\n<p>Avril 2026<br><strong>Signature de \u00ab\u00a0Pr\u00e9sence\u00a0\u00bb <\/strong>au Festival du livre de Paris <br><a href=\"https:\/\/www.festivaldulivredeparis.fr\/fr\/dedicaces-2026\/view\/11584\/presence?au=rodriguez&amp;\" title=\"\">En savoir plus<\/a><\/p>\n\n\n\n<p>Mars 2026<br><strong>Lectures \u00e0 voix haute<\/strong> \u00e0 la librairie La Machine \u00e0 Lire, Bordeaux.<br>Dans le cadre de la Semaine du Cerveau<\/p>\n\n\n\n<p>Janvier 2026<br><strong>Lectures \u00e0 voix haute<\/strong> \u00e0 la librairie La Machine \u00e0 Lire, Bordeaux.<br>Dans le cadre de la <strong>Nuit de la lecture<\/strong>. <\/p>\n\n\n\n<p>Novembre 2025 <br><strong>Exposition<\/strong> de 4 photographies de la s\u00e9rie \u00ab\u00a0<strong>Pr\u00e9nom Z<\/strong>\u00a0\u00bb <br>Lieu : boutique Mono, 75 rue des Ayres, Bordeaux<\/p>\n\n\n\n<p>Septembre 2025<br><em>Pr\u00e9sence<\/em> est disponible en <a href=\"https:\/\/www.amazon.fr\/dp\/B0FPK3RGS1\">Format ebook sur Amazon<\/a><\/p>\n\n\n\n<p>Juillet &#8211; novembre 2025 <br>Participation \u00e0 <strong><em><a href=\"https:\/\/www.collectifpublicaverti.fr\/lexposition\/\" title=\"\">L&rsquo;exposition<\/a><\/em><\/strong>. <br>Lieu : Ch\u00e2teau de Villequiers (18)<\/p>\n\n\n\n<p>Juillet 2025<br><strong>Festival Off d&rsquo;Arles <\/strong>&gt; Participation \u00e0 l&rsquo;exposition collective de Fotozofio <br>Lieu : <a href=\"https:\/\/maps.app.goo.gl\/iYZs4otKJWGp56oFA\">Le caf\u00e9 japonais<\/a> &#8211; 23 Rond-Point des Ar\u00e8nes<\/p>\n\n\n\n<p>Mai 2025<br><strong>Exposition<\/strong> de 6 <a href=\"https:\/\/arnaud-rodriguez.net\/photo\/series\/cousues\/\" title=\"Corps cousus\">corps cousus<\/a> en collaboration avec Fr\u00e9d\u00e9ric Poussin et <strong>performance<\/strong> sc\u00e9nique \u00ab\u00a0Parfois\u00a0\u00bb \u00e0 partir du projet \u00ab\u00a0<a href=\"https:\/\/arnaud-rodriguez.net\/photo\/series\/prenom-z\/\" title=\"Pr\u00e9nom Z.\">Pr\u00e9nom Z<\/a>\u00ab\u00a0, Agen.<\/p>\n\n\n\n<p>Avril 2025<br><strong>Fotozofio<\/strong>, exposition collective \u00e0 Kyoto (Avril &#8211; mai 2025), Japon<\/p>\n\n\n\n<p>Juillet 2024<br>Exposition du projet \u00ab\u00a0<strong>Pr\u00e9nom Z<\/strong>\u00ab\u00a0. Festival des Fiert\u00e9s, Bordeaux<\/p>\n\n\n\n<p>Juillet 2024<br><strong>Rencontre <\/strong>\u00e0 la librairie La Machine \u00e0 Lire, \u00e0 Bordeaux, le jeudi 4 juillet \u00e0 18h30, pour mon livre \u00ab\u00a0Pr\u00e9sence\u00a0\u00bb. Anim\u00e9e par Gilles Baume.<\/p>\n\n\n\n<p>Juin 2024<br>Participation au <strong>Festival des artistes et cr\u00e9ateurs<\/strong> du quartier Saint-Paul, \u00e0 Bordeaux.<\/p>\n\n\n\n<p>Mai 2024 <br>Parution de <em><a href=\"https:\/\/arnaud-rodriguez.net\/photo\/fr\/presence\/\">Pr\u00e9sence<\/a><\/em>, aux \u00e9ditions Labyrinthes, dans la collection <em>Misfits<\/em> dirig\u00e9e par Olivier Steiner.<\/p>\n\n\n\n<p>F\u00e9vrier 2024 <br>Participation \u00e0 l&rsquo;<strong>exposition collective<\/strong> \u00ab\u00a0<em>Rose is<\/em>&#8230;\u00a0\u00bb r\u00e9alis\u00e9e par K\u00e9vin Bideaux. J&rsquo;y pr\u00e9sentais trois photographies extraite du projet \u00ab\u00a0Pr\u00e9nom Z\u00a0\u00bb<br>Lieu : Campus Condorcet.<br><a href=\"https:\/\/arnaud-rodriguez.net\/photo\/wp-content\/uploads\/2024\/02\/Rose-is...-catalogue-dexposition-2024.pdf\">Catalogue de l&rsquo;exposition (pdf)<\/a><\/p>\n\n\n\n<p>F\u00e9vrier 2024<br><strong>Collaboration<\/strong> avec les artistes Billgraben et Olivier Gabrys pour une s\u00e9rie de photographies lors d&rsquo;une r\u00e9sidence \u00e0 l&rsquo;Atelier des marches.<\/p>\n\n\n\n<p>Janvier 2024<br>Participation \u00e0 la <strong>Nuit de la lecture<\/strong>. Lectures \u00e0 voix haute \u00e0 la librairie La Machine \u00e0 Lire, Bordeaux.<\/p>\n\n\n\n<p>D\u00e9cembre 2023 <br><strong>Collaboration<\/strong> avec l&rsquo;artiste Billgraben pour une prise de vue lors d&rsquo;une performance en domicile inconnu.<\/p>\n\n\n\n<p>Novembre 2023 <br>Invitation par le collectif public averti dans le cadre de leur <strong>5xposition<\/strong>.<br><a href=\"https:\/\/www.collectifpublicaverti.fr\/une-5xposition-arnaud-rodriguez\/\" target=\"_blank\" rel=\"noreferrer noopener\">https:\/\/www.collectifpublicaverti.fr\/<\/a><\/p>\n\n\n\n<p>Ao\u00fbt 2023 <br>Participation au <strong>Mercredi Photographique<\/strong> de l&rsquo;association <em><a href=\"https:\/\/cdanslaboite.com\/\">C dans la bo\u00eete<\/a><\/em> avec la s\u00e9rie \u00ab\u00a0<em><a href=\"https:\/\/arnaud-rodriguez.net\/photo\/fr\/works\/arica\/\">Ce lieu de l&rsquo;absence de nous<\/a><\/em>\u00ab\u00a0. <br>Exposition de 12 photographies.<\/p>\n\n\n\n<p>Janvier 2023 <br>Participation \u00e0 <strong>la Nuit de la lecture<\/strong>. <br>Lectures \u00e0 voix haute \u00e0 la librairie La Machine \u00e0 Lire, Bordeaux.<\/p>\n\n\n\n<p>Octobre 2022 <br>Parution de l&rsquo;ouvrage <strong><em>72 saisons \u00e0 la Villa Kujoyama<\/em><\/strong> dans lequel sont pr\u00e9sentes deux de mes photographies (p. 370 et p. 372).<\/p>\n\n\n\n<p>Juin 2022 <br>Participation \u00e0 l&rsquo;<strong>exposition des cours publics de l&rsquo;\u00e9cole des beaux-arts<\/strong> de Bordeaux.<br>Exposition du travail \u00ab\u00a0<a href=\"https:\/\/arnaud-rodriguez.net\/photo\/fr\/works\/habiter\/\" data-type=\"page\" data-id=\"6514\">Je n&rsquo;habite pas vraiment seul, tu sais.<\/a>\u00ab\u00a0<\/p>\n\n\n\n<p>Mars 2022 <br><strong>Performance<\/strong> <strong><em><a href=\"https:\/\/arnaud-rodriguez.net\/photo\/fr\/works\/dire-le-japon\/\" data-type=\"page\" data-id=\"6681\">Dire le Japon<\/a><\/em><\/strong>, Bordeaux.<\/p>\n\n\n\n<p>Mars 2022 <br><strong>Exposition<\/strong> <strong><em><a href=\"https:\/\/arnaud-rodriguez.net\/photo\/fr\/le-temps-dun-souffle\/\" data-type=\"page\" data-id=\"6795\">Le Temps d&rsquo;un souffle<\/a><\/em><\/strong>, Bordeaux.<\/p>\n\n\n\n<p>Novembre 2021 <br>Int\u00e9gration du <strong>cours public<\/strong> \u00ab\u00a0RDV photo\u00a0\u00bb \u00e0 l&rsquo;\u00e9cole des beaux-arts de Bordeaux.<\/p>\n\n\n\n<p>Octobre 2021 <br>Je rejoins le <strong>projet \u00ab\u00a0Journal intime collectif\u00a0\u00bb<\/strong> de l&rsquo;\u00e9crivain Mathieu Simonet.<\/p>\n\n\n\n<p>Ao\u00fbt 2020 <br>Participe \u00e0 l&rsquo;<strong>exposition collective<\/strong> \u00ab\u00a0EXCES\u00a0\u00bb (organis\u00e9 par l&rsquo;association \u00ab\u00a0C dans la bo\u00eete\u00a0\u00bb &#8211; Bordeaux)<\/p>\n\n\n\n<p>Mars 2020 <br>Participe au <strong>film collectif <\/strong>\u00ab\u00a0<a href=\"https:\/\/vimeo.com\/404007303\">Le Film des instants<\/a>\u00a0\u00bb de Frank Smith<\/p>\n\n\n\n<p>Novembre 2019 <br>Deux photographies de la s\u00e9rie \u00ab Jeux d\u2019enfants \u00bb sont publi\u00e9es dans la <strong>revue <em>Immersion<\/em><\/strong>.<\/p>\n\n\n\n<p>Avril 2019 <br>Parution de <strong><em>Anthologie Aires de jeux au Japon<\/em><\/strong> chez Tombolo Presse, dans lequel sont pr\u00e9sent\u00e9es 22 photographies de la s\u00e9rie <em>J<a href=\"https:\/\/arnaud-rodriguez.net\/photo\/fr\/works\/jeux-denfants\/\" data-type=\"page\" data-id=\"2942\">eux d\u2019enfants<\/a><\/em>. Ouvrage \u00e9dit\u00e9 par Vincent Romagny. <\/p>\n\n\n\n<p>D\u00e9cembre 2018 <br><strong>\u00c9criture<\/strong> d&rsquo;un texte pour la performance \u00ab\u00a0Faire l&rsquo;amour\u00a0\u00bb du chor\u00e9graphe Olivier Gabrys.<\/p>\n\n\n\n<p>2018<br>Plusieurs de mes photographies paraissent dans le <strong>livre<\/strong> \u00ab\u00a0Les 20 ans de <em><a href=\"https:\/\/www.pointligneplan.com\/\" target=\"_blank\" rel=\"noreferrer noopener\">pointligneplan<\/a><\/em>\u00ab\u00a0, 2018<\/p>\n\n\n\n<p>Juin 2018 <br><strong>Exposition et \u00e9dition<\/strong> d&rsquo;une publication \u00e0 la cit\u00e9 scolaire de Nontron dans le cadre du projet \u00ab\u00a0Je me souviendrai\u00a0\u00bb.<\/p>\n\n\n\n<p>Avril &#8211; Octobre 2018<br><strong>Exposition<\/strong> <strong><em>Japan in Architecture<\/em> <\/strong>au Mori Art Museum de Tokyo, dans laquelle je pr\u00e9sente 15 photographies extraites de la s\u00e9rie <em>#home. <\/em>Collaboration avec le cin\u00e9aste Christian Merlhiot.<\/p>\n\n\n\n<p>2017-2018<br><strong>Atelier<\/strong> \u00e0 la cit\u00e9 scolaire de Nontron (Dordogne) : \u00ab\u00a0<strong><em>Je me souviendrai<\/em><\/strong>\u00ab\u00a0. Dans le cadre des r\u00e9sidences d\u2019artiste en milieu scolaire de la DAAC du rectorat de Bordeaux. <\/p>\n\n\n\n<p>Avril 2017 <br><strong>Exposition<\/strong> <em><a href=\"https:\/\/arnaud-rodriguez.net\/photo\/fr\/works\/home-nishinoyama-house\/\" data-type=\"page\" data-id=\"5032\">#home<\/a><\/em>, \u00e0 la Nishinoyama House, Kyoto.<\/p>\n\n\n\n<p>Avril 2017<br><strong>R\u00e9daction<\/strong> de rapports (rencontres entre chercheurs et artistes et s\u00e9minaires&#8230;) sur l&rsquo;intelligence collective pour l&rsquo;universit\u00e9 de Kyoto \/ La Villa Kujoyama<\/p>\n\n\n\n<p>2016<br>S\u00e9ries \u00ab\u00a0Jeux d&rsquo;enfants\u00a0\u00bb, \u00ab\u00a0Territoire nord\u00a0\u00bb<\/p>\n\n\n\n<p>Avril-mai 2016 <br><strong>Exposition<\/strong> <a href=\"http:\/\/www.arnaud-rodriguez.net\/photo\/expositions\/every-day\/\">Every day<\/a>, dans le cadre de KG+, festival satellite de Kyotographie.<br>Sc\u00e9nographie : Dairik Amae.<\/p>\n\n\n\n<p>Novembre 2015 &#8211; janvier 2016 <br><strong>Exposition<\/strong> <a href=\"http:\/\/www.arnaud-rodriguez.net\/photo\/fr\/expositions\/hikari\/\">Hikari, regards crois\u00e9s sur le Japon<\/a>, avec Ferrante Ferranti. <br>Mus\u00e9e d\u2019Aquitaine, Bordeaux.<\/p>\n\n\n\n<p>Octobre 2015<br>Photographies pour le catalogue de l\u2019exposition \u00ab Onomichi Rendez-vous \u00bb<\/p>\n\n\n\n<p>2014-2015 <br><strong>Photographies <\/strong>pour la Villa Kujoyama. Parutions presse : Les Inrockuptibles, <a href=\"http:\/\/www.theguardian.com\/artanddesign\/2014\/nov\/07\/france-japan-villa-kujoyama-art-kyoto#img-2\" target=\"_blank\" rel=\"noreferrer noopener\">The Guardian<\/a>, <a href=\"http:\/\/www.lequotidiendelart.com\/quotidien_articles_detail.php?idarticle=6377\" target=\"_blank\" rel=\"noreferrer noopener\">Le Quotidien de l\u2019Art<\/a>, Air France magazine, L\u2019Express Styles, Regard Bouddhiste, Kyoto journal, Elle Japon. Sur le web : <a href=\"https:\/\/www.fondationbs.org\/magazine\/arts-metiers-dart\/avec-la-villa-kujoyama-et-la-villa-albertine\" title=\"\">Fondation Bettencourt Schueller<\/a><\/p>\n\n\n\n<p>Mai 2014<br><strong>Texte <\/strong>paru dans le recueil \u00ab&nbsp;Les Lucioles&nbsp;\u00bb, aux \u00e9ditions \u00ab&nbsp;Des aides sur un tracteur&nbsp;\u00bb. Livre au b\u00e9n\u00e9fice de l\u2019association \u00ab&nbsp;Le Refuge&nbsp;\u00bb &gt; <a href=\"https:\/\/arnaud-rodriguez.net\/photo\/fr\/works\/ecrits\/ne-rien-voir-ne-rien-montrer\/\" target=\"_blank\" rel=\"noreferrer noopener\">Lire le texte<\/a><\/p>\n\n\n\n<p>F\u00e9vrier 2014 <br><strong>Exposition <\/strong><a href=\"http:\/\/www.arnaud-rodriguez.net\/photo\/expositions\/contrepoints-japonais\/\">Contrepoints japonais<\/a><br><em>R\u00e9alis\u00e9e avec le soutien de la Fondation nationale des arts graphiques et plastiques<\/em> \/\/ Maison nationale des artistes, Nogent-sur-Marne<\/p>\n\n\n\n<p>Juillet-ao\u00fbt 2013 <br><strong>Exposition collective <\/strong>\u00ab\u00a0<a href=\"http:\/\/www.arnaud-rodriguez.net\/photo\/expositions\/les-heures-latentes\/\" title=\"\">Les Heures latentes<\/a>\u00ab\u00a0<br>Curateur : Fabien Danesi. \/\/ Galerie Vivoequidem, Paris<\/p>\n\n\n\n<p><\/p>\n\n\n\n<p><strong>F\u00e9vrier 2012 <\/strong><br><strong>Exposition <\/strong>\u00ab\u00a0<a href=\"http:\/\/www.arnaud-rodriguez.net\/photo\/fr\/expositions\/vous-suivre-images-du-japon\/\" title=\"\">Vous suivre<\/a>\u00ab\u00a0<br>\/\/ H\u00f4tel de Ville \u2013 Blois<\/p>\n\n\n\n<p>D\u00e9cembre 2011 <em><br><\/em><strong>Exposition<\/strong> \u00ab\u00a0<a href=\"https:\/\/arnaud-rodriguez.net\/photo\/fr\/et-si-demain\/\" title=\"\">Et si demain<\/a>\u00ab\u00a0<br><em>Exposition collective, organis\u00e9e par la Galerie Miniature<\/em> \/\/ Galerie Jeune Cr\u00e9ation, Paris<\/p>\n\n\n\n<p>Mars 2011 <br>Exposition \u00ab\u00a0Nederlux\u00a0\u00bb, Le Cajou, Amiens<\/p>\n\n\n\n<p>Octobre 2008<br>Exposition \u00ab\u00a0Un \u0153il dans le talon\u00a0\u00bb, Dijon<\/p>\n\n\n\n<p>Juin 2008<br>Exposition \u00ab\u00a0Un \u0153il dans le talon\u00a0\u00bb, Paris<\/p>\n\n\n\n<p>15 avril 2002<br>D\u00e9but de mon journal quotidien<\/p>\n","protected":false},"excerpt":{"rendered":"<p>Prochainement Samedi 6 juin \u00e0 17h30Lectures \u00e0 voix haute \u00e0 la librairie La Machine \u00e0 Lire, Bordeaux.dans le cadre de l&rsquo;\u00e9v\u00e9nement \u00ab\u00a0Fascinante Ecosse\u00a0\u00bb Nouveau ! Avril 2026Acquisition d&rsquo;un tirage de \u00ab\u00a0Autoportrait aux chaussette roses n\u00b01\u00a0\u00bb de la s\u00e9rie \u00ab\u00a0Pr\u00e9nom Z\u00a0\u00bb par l&rsquo;artoth\u00e8que de Poitiers. C&rsquo;est pass\u00e9\u2026 Avril 2026Signature de \u00ab\u00a0Pr\u00e9sence\u00a0\u00bb au Festival du livre de [&hellip;]<\/p>\n","protected":false},"author":2,"featured_media":0,"parent":0,"menu_order":0,"comment_status":"closed","ping_status":"closed","template":"","meta":{"_monsterinsights_skip_tracking":false,"_monsterinsights_sitenote_active":false,"_monsterinsights_sitenote_note":"","_monsterinsights_sitenote_category":0,"footnotes":""},"class_list":["post-6401","page","type-page","status-publish","hentry"],"aioseo_notices":[],"_links":{"self":[{"href":"https:\/\/arnaud-rodriguez.net\/photo\/wp-json\/wp\/v2\/pages\/6401","targetHints":{"allow":["GET"]}}],"collection":[{"href":"https:\/\/arnaud-rodriguez.net\/photo\/wp-json\/wp\/v2\/pages"}],"about":[{"href":"https:\/\/arnaud-rodriguez.net\/photo\/wp-json\/wp\/v2\/types\/page"}],"author":[{"embeddable":true,"href":"https:\/\/arnaud-rodriguez.net\/photo\/wp-json\/wp\/v2\/users\/2"}],"replies":[{"embeddable":true,"href":"https:\/\/arnaud-rodriguez.net\/photo\/wp-json\/wp\/v2\/comments?post=6401"}],"version-history":[{"count":56,"href":"https:\/\/arnaud-rodriguez.net\/photo\/wp-json\/wp\/v2\/pages\/6401\/revisions"}],"predecessor-version":[{"id":15104,"href":"https:\/\/arnaud-rodriguez.net\/photo\/wp-json\/wp\/v2\/pages\/6401\/revisions\/15104"}],"wp:attachment":[{"href":"https:\/\/arnaud-rodriguez.net\/photo\/wp-json\/wp\/v2\/media?parent=6401"}],"curies":[{"name":"wp","href":"https:\/\/api.w.org\/{rel}","templated":true}]}}