{"id":892,"date":"2014-10-28T06:38:29","date_gmt":"2014-10-28T05:38:29","guid":{"rendered":"http:\/\/www.avec-un-z.fr\/photo\/?page_id=892"},"modified":"2026-03-14T15:04:22","modified_gmt":"2026-03-14T14:04:22","slug":"expositions","status":"publish","type":"page","link":"https:\/\/arnaud-rodriguez.net\/photo\/expositions\/","title":{"rendered":"Expositions"},"content":{"rendered":"\n<p><a href=\"https:\/\/arnaud-rodriguez.net\/photo\/wp-content\/uploads\/2025\/01\/arnaud-rodriguez-portfolio-2025.pdf\" target=\"_blank\" rel=\"noopener\" title=\"\">T\u00e9l\u00e9charger mon portfolio (pdf)<\/a><\/p>\n\n\n\n<hr class=\"wp-block-separator has-alpha-channel-opacity is-style-dots\"\/>\n\n\n\n<h2 class=\"wp-block-heading\">En projet<\/h2>\n\n\n\n<p>Suspense ! <\/p>\n\n\n\n<h2 class=\"wp-block-heading\">Pass\u00e9es<\/h2>\n\n\n\n<p><strong>1er &#8211; 30 novembre 2025<\/strong><\/p>\n\n\n\n<p>J&rsquo;expose 4 photographies \u00e0 la boutique Mono, 75 rue des Ayres \u00e0 Bordeaux.<\/p>\n\n\n\n<p><\/p>\n\n\n\n<div class=\"wp-block-media-text has-media-on-the-right is-stacked-on-mobile is-vertically-aligned-top\" style=\"grid-template-columns:auto 34%\"><div class=\"wp-block-media-text__content\">\n<p><strong>Juillet &#8211; novembre 2025 :<\/strong><br>Participation \u00e0 <strong><em><a href=\"https:\/\/www.collectifpublicaverti.fr\/lexposition\/\" title=\"\">L&rsquo;exposition<\/a><\/em><\/strong>. <br>Ch\u00e2teau de Villequiers (18)<\/p>\n\n\n\n<p>Exposition collective organis\u00e9e par <em><a href=\"https:\/\/www.collectifpublicaverti.fr\/\" title=\"\">Public averti<\/a><\/em>.<\/p>\n<\/div><figure class=\"wp-block-media-text__media\"><img loading=\"lazy\" decoding=\"async\" width=\"682\" height=\"1024\" src=\"https:\/\/arnaud-rodriguez.net\/photo\/wp-content\/uploads\/2025\/10\/villequiers-682x1024.jpg\" alt=\"\" class=\"wp-image-14716 size-full\" srcset=\"https:\/\/arnaud-rodriguez.net\/photo\/wp-content\/uploads\/2025\/10\/villequiers-682x1024.jpg 682w, https:\/\/arnaud-rodriguez.net\/photo\/wp-content\/uploads\/2025\/10\/villequiers-200x300.jpg 200w, https:\/\/arnaud-rodriguez.net\/photo\/wp-content\/uploads\/2025\/10\/villequiers-768x1152.jpg 768w, https:\/\/arnaud-rodriguez.net\/photo\/wp-content\/uploads\/2025\/10\/villequiers.jpg 853w\" sizes=\"auto, (max-width: 682px) 100vw, 682px\" \/><\/figure><\/div>\n\n\n\n<p><br><strong>Ce lieu de l&rsquo;absence<\/strong><\/p>\n\n\n\n<div class=\"wp-block-group alignwide has-global-padding is-layout-constrained wp-block-group-is-layout-constrained\">\n<div class=\"wp-block-columns alignwide is-layout-flex wp-container-core-columns-is-layout-28f84493 wp-block-columns-is-layout-flex\">\n<div class=\"wp-block-column is-layout-flow wp-block-column-is-layout-flow\" style=\"flex-basis:50%\">\n<figure class=\"wp-block-image alignright size-large is-resized\"><img loading=\"lazy\" decoding=\"async\" width=\"960\" height=\"640\" src=\"https:\/\/arnaud-rodriguez.net\/photo\/wp-content\/uploads\/2025\/08\/fotozofio-DSC_9127-960x640.jpg\" alt=\"\" class=\"wp-image-14681\" style=\"width:480px;height:320px\" srcset=\"https:\/\/arnaud-rodriguez.net\/photo\/wp-content\/uploads\/2025\/08\/fotozofio-DSC_9127-960x640.jpg 960w, https:\/\/arnaud-rodriguez.net\/photo\/wp-content\/uploads\/2025\/08\/fotozofio-DSC_9127-300x200.jpg 300w, https:\/\/arnaud-rodriguez.net\/photo\/wp-content\/uploads\/2025\/08\/fotozofio-DSC_9127-768x512.jpg 768w, https:\/\/arnaud-rodriguez.net\/photo\/wp-content\/uploads\/2025\/08\/fotozofio-DSC_9127-1536x1024.jpg 1536w, https:\/\/arnaud-rodriguez.net\/photo\/wp-content\/uploads\/2025\/08\/fotozofio-DSC_9127.jpg 1800w\" sizes=\"auto, (max-width: 960px) 100vw, 960px\" \/><figcaption class=\"wp-element-caption\">Accrochage \u00e0 Kyoto, avril 2025<\/figcaption><\/figure>\n<\/div>\n\n\n\n<div class=\"wp-block-column is-layout-flow wp-block-column-is-layout-flow\" style=\"flex-basis:30%\">\n<p><strong>Avril 2025<\/strong> \/\/ Kyoto<br><strong>Juillet 2025<\/strong> \/\/ Arles (Festival off)<\/p>\n\n\n\n<p>Participation \u00e0 l&rsquo;exposition collective de Fotozofio (Sur s\u00e9lection d&rsquo;un jury)<\/p>\n<\/div>\n<\/div>\n<\/div>\n\n\n\n<hr class=\"wp-block-separator has-alpha-channel-opacity is-style-dots\"\/>\n\n\n\n<p><strong>eXploration<\/strong><\/p>\n\n\n\n<p class=\"has-small-font-size\"><strong>Mai 2025<\/strong> \/\/ Agen<br>&gt; Exposition de 6 <a href=\"https:\/\/arnaud-rodriguez.net\/photo\/series\/cousues\/\" title=\"Corps cousus\">corps cousus<\/a> et de photographies du projet \u00ab\u00a0<a href=\"https:\/\/arnaud-rodriguez.net\/photo\/series\/prenom-z\/\" title=\"Pr\u00e9nom Z.\">Pr\u00e9nom Z<\/a>\u00a0\u00bb  <\/p>\n\n\n\n<hr class=\"wp-block-separator has-alpha-channel-opacity is-style-dots\"\/>\n\n\n\n<p class=\"has-medium-font-size\"><strong>Rose is&#8230;<\/strong><\/p>\n\n\n\n<p class=\"has-small-font-size\"><strong>F\u00e9vrier 2024 <\/strong>\/\/ Campus Condorcet, Paris &#8211; Aubervilliers<br>&gt; Exposition collective r\u00e9alis\u00e9e par K\u00e9vin Bideaux. J&rsquo;y pr\u00e9sentais trois photographies.<br><a href=\"https:\/\/arnaud-rodriguez.net\/photo\/wp-content\/uploads\/2024\/02\/Rose-is...-catalogue-dexposition-2024.pdf\">Voir le catalogue de l&rsquo;exposition (pdf)<\/a><\/p>\n\n\n\n<hr class=\"wp-block-separator has-alpha-channel-opacity is-style-dots\"\/>\n\n\n\n<p><strong>une 5xposition <\/strong><\/p>\n\n\n\n<p class=\"has-small-font-size\"><strong>Novembre 2023 <\/strong>\/\/ Site web de public averti<br>&gt; Invitation, par le collectif public averti, \u00e0 faire un \u00e9tat des lieux de mon travail<em>&nbsp;<\/em>\u00e0 travers un clich\u00e9 unique.<br><a href=\"https:\/\/www.collectifpublicaverti.fr\/une-5xposition-arnaud-rodriguez\/\">Voir la page web<\/a> <\/p>\n\n\n\n<hr class=\"wp-block-separator has-alpha-channel-opacity is-style-dots\"\/>\n\n\n\n<h3 class=\"wp-block-heading has-medium-font-size\"><strong>Mercredi photographique<\/strong><\/h3>\n\n\n\n<p class=\"has-small-font-size\"><strong>Ao\u00fbt 2023 <\/strong>\/\/ Maison Bourbon, Bordeaux<br>&gt; Exposition de douze photographies de la s\u00e9rie \u00ab\u00a0<a href=\"https:\/\/arnaud-rodriguez.net\/photo\/fr\/works\/arica\/\" data-type=\"page\" data-id=\"4979\">Ce lieu de l&rsquo;absence de nous<\/a>\u00ab\u00a0.<\/p>\n\n\n\n<hr class=\"wp-block-separator has-alpha-channel-opacity is-style-dots\"\/>\n\n\n\n<h3 class=\"wp-block-heading has-medium-font-size\"><strong>Le Temps d&rsquo;un souffle<\/strong><\/h3>\n\n\n\n<div class=\"wp-block-columns is-layout-flex wp-container-core-columns-is-layout-28f84493 wp-block-columns-is-layout-flex\">\n<div class=\"wp-block-column is-layout-flow wp-block-column-is-layout-flow\">\n<figure class=\"wp-block-image size-large\"><img loading=\"lazy\" decoding=\"async\" width=\"960\" height=\"686\" src=\"https:\/\/arnaud-rodriguez.net\/photo\/wp-content\/uploads\/2023\/11\/hiver-50x70-1-960x686.jpg\" alt=\"\" class=\"wp-image-7060\" srcset=\"https:\/\/arnaud-rodriguez.net\/photo\/wp-content\/uploads\/2023\/11\/hiver-50x70-1-960x686.jpg 960w, https:\/\/arnaud-rodriguez.net\/photo\/wp-content\/uploads\/2023\/11\/hiver-50x70-1-300x214.jpg 300w, https:\/\/arnaud-rodriguez.net\/photo\/wp-content\/uploads\/2023\/11\/hiver-50x70-1-768x549.jpg 768w, https:\/\/arnaud-rodriguez.net\/photo\/wp-content\/uploads\/2023\/11\/hiver-50x70-1-1536x1097.jpg 1536w, https:\/\/arnaud-rodriguez.net\/photo\/wp-content\/uploads\/2023\/11\/hiver-50x70-1.jpg 1800w\" sizes=\"auto, (max-width: 960px) 100vw, 960px\" \/><\/figure>\n<\/div>\n\n\n\n<div class=\"wp-block-column is-layout-flow wp-container-core-column-is-layout-b2a27621 wp-block-column-is-layout-flow\" style=\"padding-top:0;padding-right:0;padding-bottom:0;padding-left:0\">\n<p><strong>Mars 2022<\/strong> \/\/ La Machine \u00e0 Lire, La Machine \u00e0 Musique, Un air de th\u00e9, Bordeaux.<br>&gt; Exposition en plusieurs lieux et plusieurs propositions, faisant dialoguer des photographies du Japon et des ha\u00efkus.<\/p>\n<\/div>\n<\/div>\n\n\n\n<hr class=\"wp-block-separator has-alpha-channel-opacity is-style-dots\"\/>\n\n\n\n<h3 class=\"wp-block-heading has-medium-font-size\"><strong>Exc\u00e8s<\/strong><\/h3>\n\n\n\n<p class=\"has-small-font-size\"><strong>Ao\u00fbt 2020<\/strong> \/\/ Maison Bourbon, Bordeaux<br>&gt; Exposition collective, dans le cadre des mercredis photographiques.<br>+ <a href=\"http:\/\/cdanslaboite.com\/2020\/08\/les-mercredis-photographiques-46-26-septembre-2020\/\">http:\/\/cdanslaboite.com\/2020\/08\/les-mercredis-photographiques-46-26-septembre-2020\/<\/a><\/p>\n\n\n\n<hr class=\"wp-block-separator has-alpha-channel-opacity is-style-dots\"\/>\n\n\n\n<h3 class=\"wp-block-heading has-medium-font-size\"><strong>Japan in architecture<\/strong><\/h3>\n\n\n\n<div class=\"wp-block-columns alignwide is-layout-flex wp-container-core-columns-is-layout-28f84493 wp-block-columns-is-layout-flex\">\n<div class=\"wp-block-column is-layout-flow wp-block-column-is-layout-flow\" style=\"flex-basis:33.33%\">\n<figure class=\"wp-block-image size-large\"><img loading=\"lazy\" decoding=\"async\" width=\"1024\" height=\"683\" src=\"https:\/\/arnaud-rodriguez.net\/photo\/wp-content\/uploads\/2014\/10\/expo-DSC_1970-1024x683.jpg\" alt=\"\" class=\"wp-image-5991\" srcset=\"https:\/\/arnaud-rodriguez.net\/photo\/wp-content\/uploads\/2014\/10\/expo-DSC_1970-1024x683.jpg 1024w, https:\/\/arnaud-rodriguez.net\/photo\/wp-content\/uploads\/2014\/10\/expo-DSC_1970-300x200.jpg 300w, https:\/\/arnaud-rodriguez.net\/photo\/wp-content\/uploads\/2014\/10\/expo-DSC_1970-768x512.jpg 768w, https:\/\/arnaud-rodriguez.net\/photo\/wp-content\/uploads\/2014\/10\/expo-DSC_1970-624x416.jpg 624w\" sizes=\"auto, (max-width: 1024px) 100vw, 1024px\" \/><\/figure>\n<\/div>\n\n\n\n<div class=\"wp-block-column is-layout-flow wp-block-column-is-layout-flow\" style=\"flex-basis:50%\">\n<p><strong>Avril &#8211; septembre 2018<\/strong> \/\/ Mori Art Museum, Tokyo, Japon<br>&gt; \u00ab\u00a0Japan in Architecture\u00a0\u00bb \u00e9tait l&rsquo;exposition comm\u00e9morative des 15 ans du Mori Art Museum, plus grand mus\u00e9e priv\u00e9 du Japon. J&rsquo;y pr\u00e9sentais 15 photographies de la Nishinoyama House, extraites de la s\u00e9rie #home. Ces images \u00e9taient montr\u00e9es conjointement avec 4 vid\u00e9os de Christian Merlhiot.<br>+ <a href=\"https:\/\/www.mori.art.museum\/en\/exhibitions\/japaninarchitecture\/index.html\" target=\"_blank\" rel=\"noreferrer noopener\">https:\/\/www.mori.art.museum\/en\/exhibitions\/japaninarchitecture\/index.html<\/a><\/p>\n<\/div>\n<\/div>\n\n\n\n<hr class=\"wp-block-separator has-alpha-channel-opacity is-style-dots\"\/>\n\n\n\n<figure class=\"wp-block-image alignleft size-large is-resized\"><img loading=\"lazy\" decoding=\"async\" width=\"681\" height=\"1024\" src=\"https:\/\/arnaud-rodriguez.net\/photo\/wp-content\/uploads\/2014\/10\/home-DSC_9742-681x1024.jpg\" alt=\"\" class=\"wp-image-5992\" style=\"width:218px;height:auto\" srcset=\"https:\/\/arnaud-rodriguez.net\/photo\/wp-content\/uploads\/2014\/10\/home-DSC_9742-681x1024.jpg 681w, https:\/\/arnaud-rodriguez.net\/photo\/wp-content\/uploads\/2014\/10\/home-DSC_9742-200x300.jpg 200w, https:\/\/arnaud-rodriguez.net\/photo\/wp-content\/uploads\/2014\/10\/home-DSC_9742-768x1154.jpg 768w, https:\/\/arnaud-rodriguez.net\/photo\/wp-content\/uploads\/2014\/10\/home-DSC_9742-624x938.jpg 624w, https:\/\/arnaud-rodriguez.net\/photo\/wp-content\/uploads\/2014\/10\/home-DSC_9742.jpg 1000w\" sizes=\"auto, (max-width: 681px) 100vw, 681px\" \/><figcaption class=\"wp-element-caption\">#home<\/figcaption><\/figure>\n\n\n\n<h3 class=\"wp-block-heading has-medium-font-size\"><strong>#home<\/strong><\/h3>\n\n\n\n<p class=\"has-small-font-size\"><strong>Avril 2017 <\/strong>\/\/ Nishinoyama house, Kyoto, Japon<br>&gt; Cette exposition <em>in situ<\/em> reprenait une s\u00e9lection de 300 photographies de la Nishinoyama House, \u00e0 Kyoto, o\u00f9 j&rsquo;ai v\u00e9cu de 2014 \u00e0 2017.<br>A l&rsquo;origine de ce travail, un compte Instagram, @nishinoyamahouse (disparu depuis, sans explication), sur lequel, les 6 derniers mois de ma r\u00e9sidence au Japon, j&rsquo;ai diffus\u00e9 des photos prises au jour le jour.<\/p>\n\n\n\n<hr class=\"wp-block-separator has-alpha-channel-opacity is-style-dots\"\/>\n\n\n\n<h3 class=\"wp-block-heading has-medium-font-size\"><strong>Every Day<\/strong><\/h3>\n\n\n\n<p class=\"has-small-font-size\"><strong>Avril &#8211; mai 2016<\/strong> \/\/ Totousha, Kyoto, Japon<br><em>&gt; Dans le cadre de KG+, festival satellite de Kyotographie<\/em><br>+ <a rel=\"noreferrer noopener\" href=\"http:\/\/www.arnaud-rodriguez.net\/photo\/expositions\/every-day\/\" target=\"_blank\">http:\/\/www.arnaud-rodriguez.net\/photo\/expositions\/every-day\/ <\/a> <\/p>\n\n\n\n<hr class=\"wp-block-separator has-alpha-channel-opacity is-style-dots\"\/>\n\n\n\n<figure class=\"wp-block-image alignright size-large is-resized\"><img loading=\"lazy\" decoding=\"async\" width=\"960\" height=\"640\" src=\"https:\/\/arnaud-rodriguez.net\/photo\/wp-content\/uploads\/2025\/10\/hikari-DSC_3393-960x640.jpg\" alt=\"\" class=\"wp-image-14718\" style=\"width:450px;height:auto\" srcset=\"https:\/\/arnaud-rodriguez.net\/photo\/wp-content\/uploads\/2025\/10\/hikari-DSC_3393-960x640.jpg 960w, https:\/\/arnaud-rodriguez.net\/photo\/wp-content\/uploads\/2025\/10\/hikari-DSC_3393-300x200.jpg 300w, https:\/\/arnaud-rodriguez.net\/photo\/wp-content\/uploads\/2025\/10\/hikari-DSC_3393-768x512.jpg 768w, https:\/\/arnaud-rodriguez.net\/photo\/wp-content\/uploads\/2025\/10\/hikari-DSC_3393-1536x1024.jpg 1536w, https:\/\/arnaud-rodriguez.net\/photo\/wp-content\/uploads\/2025\/10\/hikari-DSC_3393.jpg 1800w\" sizes=\"auto, (max-width: 960px) 100vw, 960px\" \/><figcaption class=\"wp-element-caption\">Hikari<\/figcaption><\/figure>\n\n\n\n<h3 class=\"wp-block-heading has-medium-font-size\"><a title=\"Hikari\" href=\"http:\/\/www.arnaud-rodriguez.net\/photo\/fr\/expositions\/hikari\/\"><strong>Hikari, regards crois\u00e9s sur le Japon<\/strong><\/a><\/h3>\n\n\n\n<p class=\"has-small-font-size\"><strong>Novembre 2015 &#8211; janvier 2016<\/strong> \/\/ Mus\u00e9e d&rsquo;Aquitaine, Bordeaux<br>&gt; Exposition en duo avec Ferrante Ferranti<em>. <\/em>Dans le cadre du festival <a rel=\"noopener noreferrer\" href=\"http:\/\/www.facts-bordeaux.fr\/\" target=\"_blank\">FACTS<\/a><\/p>\n\n\n\n<hr class=\"wp-block-separator has-alpha-channel-opacity is-style-dots\"\/>\n\n\n\n<h3 class=\"wp-block-heading has-medium-font-size\"><a title=\"Contrepoints japonais\" href=\"http:\/\/www.arnaud-rodriguez.net\/photo\/expositions\/contrepoints-japonais\/\"><strong>Contrepoints japonais<\/strong><\/a><\/h3>\n\n\n\n<p class=\"has-small-font-size\"><strong>F\u00e9vrier 2014<\/strong> \/\/ Maison nationale des artistes, Nogent-sur-Marne<br><em>R\u00e9alis\u00e9e avec le soutien de la Fondation nationale des arts graphiques et plastiques<\/em><\/p>\n\n\n\n<hr class=\"wp-block-separator has-alpha-channel-opacity is-style-dots\"\/>\n\n\n\n<h3 class=\"wp-block-heading has-medium-font-size\"><a title=\"Les heures latentes\" href=\"http:\/\/www.arnaud-rodriguez.net\/photo\/expositions\/les-heures-latentes\/\"><strong>Les Heures latentes<\/strong><\/a><\/h3>\n\n\n\n<p class=\"has-small-font-size\"><strong><strong>Juillet-ao\u00fbt 2013<\/strong><\/strong> \/\/ Galerie Vivoequidem, Paris<br>Exposition collective.<br>Curateur : Fabien Danesi.<\/p>\n\n\n\n<hr class=\"wp-block-separator has-alpha-channel-opacity is-style-dots\"\/>\n\n\n\n<h3 class=\"wp-block-heading has-medium-font-size\"><a title=\"Vous suivre, Blois\" href=\"http:\/\/www.arnaud-rodriguez.net\/photo\/fr\/expositions\/vous-suivre-images-du-japon\/\"><strong>Vous suivre<\/strong><\/a><\/h3>\n\n\n\n<p class=\"has-small-font-size\"><strong>F\u00e9vrier 2012<\/strong> \/\/ H\u00f4tel de Ville \u2013 Blois<em><br>R\u00e9alis\u00e9e avec le soutien de la ville de Blois<\/em><\/p>\n\n\n\n<hr class=\"wp-block-separator has-alpha-channel-opacity is-style-dots\"\/>\n\n\n\n<h3 class=\"wp-block-heading has-medium-font-size\"><a title=\"Et si demain\" href=\"https:\/\/arnaud-rodriguez.net\/photo\/fr\/et-si-demain\/\"><strong>Et si demain<\/strong><\/a><\/h3>\n\n\n\n<p class=\"has-small-font-size\"><strong>D\u00e9cembre 2011<\/strong> \/\/ Galerie Jeune Cr\u00e9ation, Paris<em><br>Exposition collective, organis\u00e9e par la Galerie Miniature<\/em><\/p>\n\n\n\n<hr class=\"wp-block-separator has-alpha-channel-opacity is-style-dots\"\/>\n\n\n\n<h3 class=\"wp-block-heading has-medium-font-size\"><a title=\"Nederlux\" href=\"http:\/\/www.arnaud-rodriguez.net\/photo\/fr\/travaux\/nederlux\/\"><strong>Nederlux<\/strong><\/a><\/h3>\n\n\n\n<p class=\"has-small-font-size\"><strong>Mars 2011 <\/strong>\/\/ Le Cajou, Amiens<\/p>\n\n\n\n<hr class=\"wp-block-separator has-alpha-channel-opacity is-style-dots\"\/>\n\n\n\n<h3 class=\"wp-block-heading has-medium-font-size\"><a title=\"Un oeil dans le talon\" rel=\"noopener noreferrer\" href=\"http:\/\/www.arnaud-rodriguez.net\/photo\/fr\/expositions\/un-oeil-dans-le-talon\/\" target=\"_blank\"><strong>Un oeil dans le talon<\/strong><\/a><\/h3>\n\n\n\n<p class=\"has-small-font-size\">Juin 2008 \/\/ Paris <br>Octobre 2008 \/\/ Dijon<\/p>\n","protected":false},"excerpt":{"rendered":"<p>T\u00e9l\u00e9charger mon portfolio (pdf) En projet Suspense ! Pass\u00e9es 1er &#8211; 30 novembre 2025 J&rsquo;expose 4 photographies \u00e0 la boutique Mono, 75 rue des Ayres \u00e0 Bordeaux. Juillet &#8211; novembre 2025 :Participation \u00e0 L&rsquo;exposition. Ch\u00e2teau de Villequiers (18) Exposition collective organis\u00e9e par Public averti. Ce lieu de l&rsquo;absence Avril 2025 \/\/ KyotoJuillet 2025 \/\/ Arles [&hellip;]<\/p>\n","protected":false},"author":2,"featured_media":0,"parent":0,"menu_order":1,"comment_status":"open","ping_status":"closed","template":"","meta":{"_monsterinsights_skip_tracking":false,"_monsterinsights_sitenote_active":false,"_monsterinsights_sitenote_note":"","_monsterinsights_sitenote_category":0,"footnotes":""},"class_list":["post-892","page","type-page","status-publish","hentry"],"aioseo_notices":[],"_links":{"self":[{"href":"https:\/\/arnaud-rodriguez.net\/photo\/wp-json\/wp\/v2\/pages\/892","targetHints":{"allow":["GET"]}}],"collection":[{"href":"https:\/\/arnaud-rodriguez.net\/photo\/wp-json\/wp\/v2\/pages"}],"about":[{"href":"https:\/\/arnaud-rodriguez.net\/photo\/wp-json\/wp\/v2\/types\/page"}],"author":[{"embeddable":true,"href":"https:\/\/arnaud-rodriguez.net\/photo\/wp-json\/wp\/v2\/users\/2"}],"replies":[{"embeddable":true,"href":"https:\/\/arnaud-rodriguez.net\/photo\/wp-json\/wp\/v2\/comments?post=892"}],"version-history":[{"count":58,"href":"https:\/\/arnaud-rodriguez.net\/photo\/wp-json\/wp\/v2\/pages\/892\/revisions"}],"predecessor-version":[{"id":15048,"href":"https:\/\/arnaud-rodriguez.net\/photo\/wp-json\/wp\/v2\/pages\/892\/revisions\/15048"}],"wp:attachment":[{"href":"https:\/\/arnaud-rodriguez.net\/photo\/wp-json\/wp\/v2\/media?parent=892"}],"curies":[{"name":"wp","href":"https:\/\/api.w.org\/{rel}","templated":true}]}}